{"id":16,"date":"2007-02-19T11:40:13","date_gmt":"2007-02-19T10:40:13","guid":{"rendered":"http:\/\/obec-stasov.cz\/?page_id=16"},"modified":"2026-02-09T10:07:44","modified_gmt":"2026-02-09T08:07:44","slug":"kulturni-akce","status":"publish","type":"page","link":"http:\/\/www.obec-stasov.cz\/?page_id=16","title":{"rendered":"Kulturn\u00ed akce"},"content":{"rendered":"<p><strong>Rok 2026<\/strong><\/p>\n<p>14.2.2026 Masopustn\u00ed pr\u016fvod &#8211; za\u010d\u00e1tek ve 14 hod od zast\u00e1vky u Transform\u00e1toru<\/p>\n<p>31.1.2026 Zeli\u00e1da od 14 hod v budov\u011b O\u00da<\/p>\n<p><strong>Rok 2025<\/strong><\/p>\n<p>13.9.2025 <strong>Ukli\u010fme Sta\u0161ov\u00a0<\/strong>sraz ve 14 hod pod l\u00edpou naproti O\u00da<\/p>\n<p>30.8.2025 &#8211; <strong>Zakon\u010den\u00ed l\u00e9ta &#8211;\u00a0<\/strong>sportovn\u00ed are\u00e1l od 13:30<\/p>\n<p>9.8.2025 &#8211; <strong>Pou\u0165ov\u00e1 z\u00e1bava<\/strong> &#8211; na m\u00edstn\u00edm sportovi\u0161ti<\/p>\n<p>14.6.2025 D\u011btsk\u00fd den -na louce pod hr\u00e1z\u00ed rybn\u00edka u O\u00da<\/p>\n<p>30.4.2025 P\u00e1len\u00ed \u010darod\u011bjnic &#8211; na m\u00edstn\u00edm sportovi\u0161ti od 16 hod<\/p>\n<p>12.4.2025 Velikono\u010dn\u00ed d\u00edlni\u010dka &#8211; od 14 hod v prostorech O\u00da<\/p>\n<p>1.3.2025 Masopustn\u00ed pr\u016fvod od 14 hod od zast\u00e1vky &#8222;U transform\u00e1toru&#8220;<\/p>\n<p>22.2.2025 Zeli\u00e1da &#8211; v prostorech O\u00da od 14 hod<\/p>\n<p><strong>Rok 2024<\/strong><\/p>\n<p>5.12.2024 <strong>Mikul\u00e1\u0161sk\u00e1 nad\u00edlka<\/strong> &#8211; od 17 hod na m\u00edstn\u00edm sportovi\u0161ti<\/p>\n<p><strong>30.11.2024 Posezen\u00ed s d\u016fchodci<\/strong> &#8211; od 14 hod v zasedac\u00ed m\u00edstnosti O\u00da<\/p>\n<p><strong>30.11.2024 Adventn\u00ed zamy\u0161len\u00ed v kostele Nanebevzet\u00ed Panny Marie<\/strong> &#8211; od 17 hod<\/p>\n<p>30.11.2024 <strong>Rozsv\u011bcen\u00ed v\u00e1no\u010dn\u00edho stromu p\u0159ed kostelem &#8211;\u00a0<\/strong>v 18 hod. p\u0159ed kostelem<\/p>\n<p><strong>12.10.2024 Ukli\u010fme Sta\u0161ov<\/strong> &#8211; sraz ve 14 hod naproti O\u00da pod l\u00edpou<\/p>\n<p><strong>31.8.2024 Rozlou\u010den\u00ed s l\u00e9tem -konec pr\u00e1zdnin<\/strong> &#8211; od 14 hod naproti O\u00da<\/p>\n<p><strong>10.8.2024 Sta\u0161ovsk\u00e9 bodlo &#8211; <\/strong>od 8 hod na v\u00edce\u00fa\u010delov\u00e9m h\u0159i\u0161ti<\/p>\n<p><strong>10.8.2024 Pou\u0165ov\u00e1 z\u00e1bava<\/strong> &#8211; DJ pan Coufal od 19:00 na m\u00edstn\u00edm sportovi\u0161ti<\/p>\n<p><strong>29.6.2024 P\u0159ekvapen\u00ed za vysv\u011bd\u010den\u00ed\u00a0<\/strong>v m\u00edstn\u00edm obch\u016fdku mezi 9-10 hod.<\/p>\n<p><strong>22.6.2024 D\u011btsk\u00fd den ve stylu va\u0159en\u00ed<\/strong> &#8211; od 14ti hod na m\u00edstn\u00edm sportovi\u0161ti<\/p>\n<p><strong>24.2.2024 Velikono\u010dn\u00ed keramick\u00e1 d\u00edlna\u00a0 <\/strong>&#8211; od 14 hod v prostorech O\u00da, cena 100,-K\u010d<\/p>\n<p><strong>10.2.2024 Masopust &#8211;<\/strong> od 14 hod od zast\u00e1vky &#8222;U transform\u00e1toru&#8220;<\/p>\n<p><strong>27.1.2024 Zeli\u00e1da<\/strong> &#8211; od 14 hod v budov\u011b O\u00da<\/p>\n<p><strong>Rok 2023<\/strong><\/p>\n<p>6.12. Mikul\u00e1\u0161sk\u00e1 nad\u00edlka od 17 hod &#8211; Mikul\u00e1\u0161 s dru\u017einou projde Sta\u0161ovem a bude nad\u011blovat p\u0159\u00edmo v domovech d\u011bt\u00ed.<\/p>\n<p>2.12. Posezen\u00ed s d\u016fchodci od 13 hod v prostorech O\u00da<\/p>\n<p>2.12. Adventn\u00ed zastaven\u00ed v kostele od 17 hod<\/p>\n<p>2.12. Rozsv\u011bcen\u00ed v\u00e1no\u010dn\u00edho stromu od 18 hod.<\/p>\n<p><strong>11.11.2023 Keramick\u00e1 d\u00edlna <\/strong>od 14 hod v prostorech O\u00da, cena 100,-K\u010d<\/p>\n<p><strong>28.9.2023 koncert p\u011bveck\u00e9ho sboru HAFERA<\/strong> z Nov\u00e9ho Hrozenkova &#8211; od 18 hod v kostele Nanebevzet\u00ed Panny Marie ve Sta\u0161ov\u011b &#8211; zazn\u00ed p\u00edsn\u011b duchovn\u00ed a lidov\u00e9 z Vala\u0161ska<\/p>\n<p><strong>16.9.2023 Ukli\u010fme Sta\u0161ov<\/strong> od 14 hod sraz naproti OU, pokra\u010dov\u00e1n\u00ed ve sportovn\u00edm are\u00e1lu<\/p>\n<p><strong>2.9.2023 Dary Sta\u0161ova 2023<\/strong><\/p>\n<p><strong>26.8.2023 Ukon\u010de<\/strong>n\u00ed pr\u00e1zdnin<\/p>\n<p><strong>11.-13.8.2023 Pou\u0165<\/strong> &#8211; m\u00edstn\u00ed sportovn\u00ed are\u00e1l<\/p>\n<p><strong>13.8.2023 Poutn\u00ed m\u0161e<\/strong> v m\u00edstn\u00edm kostele od 11 hod<\/p>\n<p><strong>12.8.2023 Pou\u0165ov\u00e9 posezen\u00ed<\/strong> od 17 hod na m\u00edstn\u00edm sportovi\u0161ti<\/p>\n<p><strong>2.6. 2023 Otev\u0159en\u00ed obch\u016fdku &#8222;U l\u00edpy&#8220; a d\u011btsk\u00fd den<\/strong> &#8211; od 15 ti hod naproti O\u00da<\/p>\n<p><strong>18.2.2023 Masopust<\/strong> &#8211; od 14 hod od zast\u00e1vky &#8222;U transform\u00e1toru&#8220;<\/p>\n<p><strong>21.1.2023 Zeli\u00e1da<\/strong> &#8211;\u00a0od 15 hod na O\u00da<\/p>\n<p><strong>Rok 2022<\/strong><\/p>\n<p><strong>10.12.2022 &#8211; Adventn\u00ed koncert<\/strong> &#8211; Kostel Nanebevzet\u00ed Panny Marie od 16:30 hod<\/p>\n<p><strong>3.12.2022 &#8211; Mikul\u00e1\u0161sk\u00e1 nad\u00edlka<\/strong> &#8211; 17.00 hod ve sportovn\u00edm are\u00e1lu<\/p>\n<p><strong>27.11.2022<\/strong> &#8211; <strong>Rozsv\u011bcen\u00ed v\u00e1no\u010dn\u00edho stromu<\/strong> &#8211; p\u0159ed kostelem v 17:15 hod<\/p>\n<p><strong>17.9.2022 &#8211; Ukli\u010fme Sta\u0161ov<\/strong> &#8211; sraz u OU pod l\u00edpou ve 14:00, po skon\u010den\u00ed sb\u011bru akce pokra\u010duje na m\u00edstn\u00edm sportovi\u0161ti &#8211; ob\u010derstven\u00ed pro z\u00fa\u010dastn\u011bn\u00e9 zaji\u0161t\u011bno<\/p>\n<p><strong>27.8.2022 Dary Sta\u0161ova<\/strong> od 14:00 na statku &#8222;Na hrad\u011b&#8220; Sta\u0161ov \u010d.p.109 pro d\u011bti jsou p\u0159ipraveny sportovn\u00ed sout\u011b\u017ee a hry<\/p>\n<p><strong>13.8.2022 Pou\u0165ov\u00e9 posezen\u00ed<\/strong> &#8211; sportovn\u00ed are\u00e1l<\/p>\n<p><strong>13.-14.8.2022 Pou\u0165<\/strong> &#8211; sportovn\u00ed are\u00e1l<\/p>\n<p><strong>5.8.2022 &#8211; K\u0159est knihy Ji\u0159\u00edho Bure\u0161e o zanikl\u00fdch l\u00e1zn\u00edch Balda<\/strong> &#8211; od 19:00 na OU<\/p>\n<p><strong>25.6.2022 &#8211; z\u00e1jezd do ZOO Dv\u016fr Kr\u00e1lov\u00e9 nad Labem<\/strong> &#8211; odjezd v 7:00 z autobusov\u00fdch zast\u00e1vek<\/p>\n<p><strong>2.4.2022 &#8211; Velikono\u010dn\u00ed inspirace<\/strong>&#8211; 14:00 Statek \u010d.p.109<\/p>\n<p><strong>Rok 2021<\/strong><\/p>\n<p><strong>30.10.2021 &#8211; Dlab\u00e1n\u00ed d\u00fdn\u00ed<\/strong> &#8211; ve 13:30 na v\u00edce\u00fa\u010delov\u00e9m h\u0159i\u0161ti<\/p>\n<p><strong>18.9.2021 &#8211; Ukli\u010fme Sta\u0161ov<\/strong> &#8211; ve 14 hod sraz u OU, ve\u010der posezen\u00ed na m\u00edstn\u00edm sportovi\u0161ti, bude i oh\u0148ostroj<\/p>\n<p><strong>28.8.2021 &#8211; Dary Sta\u0161ova<\/strong> &#8211; od 14 hodin &#8211; Sta\u0161ov 109 &#8211; man\u017eel\u00e9 N\u011bmcovi<\/p>\n<p><strong>15.8.2021<\/strong> &#8211; <strong>Poutn\u00ed m\u0161e svat\u00e1<\/strong>&#8211; od 10:00 hod v m\u00edstn\u00edm kostele, 10:00 adorace, 10:30 r\u016f\u017eenec, 11:00 m\u0161e svat\u00e1<\/p>\n<p><strong>7.8.2021 &#8211; Sta\u0161ovsk\u00e9 bodlo<\/strong> od 8 -14 hod multifunk\u010dn\u00ed h\u0159i\u0161t\u011b.<\/p>\n<p><strong>7.8.2021<\/strong> &#8211; <strong>Pou\u0165ov\u00e1 z\u00e1bava SDH<\/strong> &#8211; od 21:00 ve sportovn\u00edm are\u00e1lu<\/p>\n<p><strong>7.8.-8.8.2021 Pou\u0165<\/strong><\/p>\n<p><strong>30.6.2021 Ukon\u010den\u00ed \u0161koln\u00edho roku<\/strong> od 17:00 na m\u00edstn\u00edm sportovi\u0161ti, op\u00e9k\u00e1n\u00ed \u0161pek\u00e1\u010dk\u016f pro d\u011bti zdarma<\/p>\n<p><strong>23.6.2021<\/strong> <strong>Posezen\u00ed s d\u016fchodci<\/strong> &#8211; na m\u00edstn\u00edm sportovi\u0161ti<\/p>\n<p><strong>12.6.2021 Indi\u00e1nsk\u00fd den a otev\u0159en\u00ed HUT<\/strong> &#8211; na m\u00edstn\u00ed sportovi\u0161ti od 14 hod, ob\u010derstven\u00ed pro d\u011bti zdarma<\/p>\n<p><strong>Rok 2020<\/strong><\/p>\n<p><strong>25.1.2020 Zeli\u00e1da<\/strong> od 14 hod OU<\/p>\n<p><strong>22.2.2020 Masopust<\/strong> &#8211; ve 14 hod sraz na To\u010dn\u011b pod kostelem, zakon\u010den\u00ed na OU<\/p>\n<p><strong>21.3.2020 Jarn\u00ed inspirace<\/strong> od 15 hod na OU &#8211;<strong> zru\u0161eno<\/strong><\/p>\n<p><strong>4.4.2020 Velikono\u010dn\u00ed inspirace<\/strong> od 15 hod na OU\u00a0&#8211;\u00a0<strong>zru\u0161eno<\/strong><\/p>\n<p><strong>25.4.2020 D\u011btsk\u00e1 d\u00edlni\u010dka &#8211;\u00a0<\/strong>p\u00ed.Mauerov\u00e1 &#8211;<strong> zru\u0161eno<\/strong><\/p>\n<p><strong>8.-9.8.2020 Pou\u0165<\/strong> a pou\u0165ov\u00e1 z\u00e1bava<\/p>\n<p><strong>15.8.2020 Poutn\u00ed m\u0161e svat\u00e1<\/strong> &#8211; 18:00 kostel Nanebevzet\u00ed Panny Marie ve Sta\u0161ov\u011b<\/p>\n<p><strong>29.8.2020 Dary Sta\u0161ova<\/strong> &#8211; Sta\u0161ov \u010d.p.109<\/p>\n<p><strong>Rok 2019<\/strong><\/p>\n<p><strong>26.1.2019<\/strong> <strong>D\u00edlni\u010dka &#8211; tvo\u0159en\u00ed z kor\u00e1lk\u016f<\/strong> &#8211; od 15 hod v prostorech OU<\/p>\n<p><strong>2.2.2019<\/strong> <strong>Zeli\u00e1da<\/strong>\u00a0 &#8211; od 15 hod v prostorech OU<\/p>\n<p><strong>6.2.2019<\/strong> <strong>D\u00edlni\u010dka<\/strong> &#8211; lapa\u010de sn\u016f &#8211;\u00a0od 15 hod v prostorech OU<\/p>\n<p><strong>2.3.2019<\/strong> <strong>Masopustn\u00ed vesel\u00ed<\/strong> &#8211; od 14 hodin sraz na to\u010dn\u011b pod kostelem<\/p>\n<p><strong>\u00a09.3.2019 Jarn\u00ed inspirace<\/strong> &#8211; d\u00edlni\u010dka nejen pro d\u011bti &#8211;\u00a0 od 14 hodin v prostorech OU<\/p>\n<p><strong>23.3.2019 &#8211; D\u011btsk\u00fd karneval<\/strong> &#8211; od 14 hod v prostorech OU<\/p>\n<p><strong>6.4.2019 &#8211; Velikono\u010dn\u00ed inspirace<\/strong> &#8211;\u00a0d\u00edlni\u010dka nejen pro d\u011bti\u00a0 &#8211; od 14 hodin v prostorech OU <strong>ZRU\u0160ENO Z D\u00daVODU NEMOCI<\/strong><\/p>\n<p><strong>8.6.2019 &#8211; D\u011btsk\u00fd den<\/strong>, sraz ve 14 hod, u hr\u00e1ze rybn\u00edka Velk\u00fd Sta\u0161ovsk\u00fd, ukon\u010den\u00ed na m\u00edstn\u00edm sportovi\u0161ti<\/p>\n<p><strong>3.8.2019 &#8211; Sta\u0161ovsk\u00e9 bodlo 2019<\/strong> &#8211; 10.ro\u010dn\u00edk,\u00a0 od 8:00 hod turnaj v mal\u00e9 kopan\u00e9, od 13:00 hod sportovn\u00ed odpoledne pro v\u0161echny, ob\u010derstven\u00ed zaji\u0161t\u011bno<\/p>\n<p><strong>10.8.2019 &#8211; Pou\u0165ov\u00e1<\/strong> &#8211; od 20 hod na m\u00edstn\u00edm sportovi\u0161ti. vstupn\u00e9 50,-K\u010d<\/p>\n<p><strong>24.8.2019 &#8211; Dary Sta\u0161ova<\/strong> od 14 hod v budov\u011b OU<\/p>\n<p><strong>21.9.2019 &#8211; Ukli\u010fme sv\u011bt, ukli\u010fme \u010cesko<\/strong> &#8211; sraz ve 14 p\u0159ed budovou OU<\/p>\n<p><strong>26.10.2019 &#8211; Podzimn\u00ed inspirace &#8211;\u00a0<\/strong>OU od 14 hod.<\/p>\n<p><strong>23.11.2019 &#8211; V\u00e1no\u010dn\u00ed inspirace &#8211;\u00a0<\/strong>OU od 14 hod.<\/p>\n<p><strong>30.11.2019 &#8211; Posezen\u00ed s d\u016fchodci<\/strong> od 13 hod v prostorech OU,<\/p>\n<p>&#8211; <strong>Adventn\u00ed zastaven\u00ed v kostele<\/strong> od 17 hod<\/p>\n<p>&#8211;\u00a0 <strong>Rozsv\u011bcen\u00ed v\u00e1no\u010dn\u00edho stromu<\/strong> od 18:30 p\u0159ed kostelem<\/p>\n<p><strong>01.12.2019 &#8211; Krmen\u00ed pt\u00e1\u010dk\u016f<\/strong> &#8211; v 15 hod sraz u rybn\u00edka Velk\u00fd sta\u0161ovsk\u00fd<\/p>\n<p><strong>Rok 2018<\/strong><\/p>\n<p><strong>27.1.2018 Zeli\u00e1da<\/strong>, od 15 hodin v budov\u011b OU<\/p>\n<p><strong>10.2.2018 Masopust<\/strong><\/p>\n<p><strong>10.3.2018 D\u011btsk\u00fd karneval<\/strong> 14:00 hod v budov\u011b O\u00da<\/p>\n<p><strong>28.7.2018 Sta\u0161ovsk\u00e9 bodlo<\/strong> &#8211; od 8 hodin na m\u00edstn\u00edm sportovi\u0161ti<\/p>\n<p><strong>11.8.2018 Pou\u0165ov\u00e1 z\u00e1bava<\/strong> -pou\u0165ov\u00e9 posezen\u00ed, ve sportovn\u00edm are\u00e1lu od 15:00\u00a0 do 17.00 hodin. K tanci a poslechu hraje Duo Kv\u00ed\u010dala. Pot\u00e9 bude n\u00e1sledovat ve ve\u010dern\u00edch hodin\u00e1ch pou\u0165ov\u00e1 z\u00e1bava pod veden\u00edm SDH Sta\u0161ov s \u017eivou hudbou. Vstupn\u00e9 50,-K\u010d.<\/p>\n<p><strong>25.8.2018 Dary Sta\u0161ova<\/strong> &#8211; od 14 hod v prostorech OU<\/p>\n<p><strong>25.8.2018 Sportovn\u00ed odpoledne<\/strong> &#8211; od 14 hod p\u0159ed budovou OU<\/p>\n<p><strong>15.9.2018 &#8211; &#8222;Akce ukli\u010fme sv\u011bt, ukli\u010fme \u010cesko&#8220;<\/strong><\/p>\n<p><strong>9.10.2018 nult\u00fd ro\u010dn\u00edk b\u011bhu &#8222;Od pramene K\u0159et\u00ednky po \u00fast\u00ed do Svitav<\/strong> &#8211; start 9:00 hod u pramene K\u0159et\u00ednky<\/p>\n<p><strong>15.11.2018 D\u00edlni\u010dka &#8211; Hrajeme si a tvo\u0159\u00edme krm\u00edtka pro pt\u00e1\u010dky<\/strong> &#8211; od 16 hod v prostorech OU<\/p>\n<p><strong>24.11.2118<\/strong>\u00a0 <strong>V\u00e1no\u010dn\u00ed inspirace<\/strong> &#8211; od 14 hod v rostorech OU<\/p>\n<p><strong>1.12.2018\u00a0 Adventn\u00ed zastaven\u00ed<\/strong> &#8211; od 17 hodin &#8211; kostel Nanebevzet\u00ed Panny Marie ve Sta\u0161ov\u011b<\/p>\n<p><strong>\u00a05.12.2018<\/strong>\u00a0 <strong>Mikul\u00e1\u0161sk\u00e1 nad\u00edlka<\/strong> &#8211; od 17 hod na m\u00edstn\u00edm sportovi\u0161ti<\/p>\n<p><strong>Rok 2017<\/strong><\/p>\n<p><strong>5.12.2017 Mikul\u00e1\u0161sk\u00e1 nad\u00edlka<\/strong> od 17:00 p\u0159ed starou hasi\u010d\u00e1rnou<\/p>\n<p><strong>2.12.2017 P\u0159edv\u00e1no\u010dn\u00ed posezen\u00ed, adventn\u00ed zastaven\u00ed v m\u00edstn\u00edm kostele a rozsv\u011bcen\u00ed v\u00e1no\u010dn\u00edho stromu<\/strong>, od 14.00 v budov\u011b OU, od 17:00 v m\u00edstn\u00edm kostele, od 19:00 p\u0159ed OU<\/p>\n<p><strong>9.9.2017 Dary Sta\u0161ova<\/strong> od 14:00 budova OU<\/p>\n<p><strong>12.-13.8 Pou\u0165 a pou\u0165ov\u00e1 z\u00e1bava<\/strong> &#8211; m\u00edstn\u00ed sportovi\u0161t\u011b, z\u00e1bava 13.8.2016 od 21:00<\/p>\n<p><strong>29.7.2017 Sta\u0161ovsk\u00e9 bodlo<\/strong> VII.ro\u010dn\u00edk &#8211; od 8:00 na m\u00edstn\u00edm sportovi\u0161ti<\/p>\n<p><strong>3.6.2017 D\u011btk\u00fd den &#8211; \u00a0<\/strong>v 10:00 sraz na hr\u00e1zi rybn\u00edka Velk\u00fd sta\u0161ovsk\u00fd &#8211; hra pro rodi\u010de s d\u011btmi, zakon\u010den\u00ed na m\u00edstn\u00edm sporotovi\u0161ti<\/p>\n<p><strong>25.3.2017 D\u011btsk\u00fd karneval\u00a0<\/strong>v budov\u011b O\u00da<\/p>\n<p><strong>25.2.2017 Masopust<\/strong><\/p>\n<p><strong>28.1.2017 Zeli\u00e1da\u00a0<\/strong>od 15:00 v budov\u011b O\u00da<\/p>\n<p><strong>14.1.2017 V\u00fdro\u010dn\u00ed sch\u016fze SDH\u00a0<\/strong>v budov\u011b O\u00da<\/p>\n<p><strong>Rok 2016<\/strong><\/p>\n<p><strong>10.12.2016 Adventn\u00ed zastaven\u00ed<\/strong> od 17.00 v m\u00edstn\u00ed kostele<\/p>\n<p><strong>5.12.2016 Mikul\u00e1\u0161sk\u00e1 nad\u00edlka<\/strong> od 17:00 p\u0159ed starou hasi\u010d\u00e1rnou<\/p>\n<p><strong>26.11.2016 P\u0159edv\u00e1no\u010dn\u00ed posezen\u00ed, adventn\u00ed zastaven\u00ed v m\u00edstn\u00edm kostele a rozsv\u011bcen\u00ed v\u00e1no\u010dn\u00edho stromu<\/strong>, od 14.00 v budov\u011b OU, od 17:00 v m\u00edstn\u00edm kostele, od 18:00 p\u0159ed OU<\/p>\n<p><strong>17.9.2016 Dary Sta\u0161ova<\/strong> od 14:00 budova OU<\/p>\n<p><strong>13.-14.8 Pou\u0165 a pou\u0165ov\u00e1 z\u00e1bava<\/strong> &#8211; m\u00edstn\u00ed sportovi\u0161t\u011b, z\u00e1bava 13.8.2016 od 21:00<\/p>\n<p><strong>30.7.2016 Sta\u0161ovsk\u00e9 bodlo<\/strong> VII.ro\u010dn\u00edk &#8211; od 8:00 na m\u00edstn\u00edm sportovi\u0161ti<\/p>\n<p><strong>9.7.2016 Sta\u0161ovsk\u00fd okoun<\/strong><\/p>\n<p><strong>28.5.2016 D\u011btsk\u00fd den<\/strong> &#8211; v 10:00 sraz na hr\u00e1zi rybn\u00edka Velk\u00fd sta\u0161ovsk\u00fd &#8211; hra pro rodi\u010de s d\u011btmi, zakon\u010den\u00ed na m\u00edstn\u00edm sporotovi\u0161ti<\/p>\n<p><strong>12.3.2016\u00a0D\u011btsk\u00fd karneval<\/strong> &#8211; od 14:00 v budov\u011b OU<\/p>\n<p><strong>6.2.2016 Masopustn\u00ed pr\u016fvod &#8211;<\/strong> z horn\u00edho konce vesnice se sejdeme se ve 14 hodin u byval\u00e9 hospody\u00a0\u00a0k dobr\u00e9 nalad\u011b bude hr\u00e1t pan V\u00e1pen\u00edk, pod kostelem se k pr\u016fvodu p\u0159ipoj\u00ed muzikanti z Bystr\u00e9ho a bude veselo&#8230;..<\/p>\n<p><strong>30.1.2016 Zeli\u00e1da<\/strong> v budov\u011b OU<\/p>\n<p><strong>23.1.2015 V\u00fdro\u010dn\u00ed valn\u00e1 hromada SDH Sta\u0161ov<\/strong> v budov\u011b OU<\/p>\n<p><strong>Rok 2015<\/strong><\/p>\n<p><strong>5.12.2015 Mikul\u00e1\u0161sk\u00e1 nad\u00edlka<\/strong> od 17:00 p\u0159ed budovou OU<\/p>\n<p><strong>28.11.2015<\/strong>\u00a0\u00a0\u00a0 <strong>P\u0159edv\u00e1no\u010dn\u00ed posezen\u00ed, adventn\u00ed zastaven\u00ed v\u00a0kostele, rozsv\u011bcen\u00ed v\u00e1no\u010dn\u00edho stromu <\/strong>od 14:00 v budov\u011b OU, od 17:00 v kostele, od 18:00 p\u0159ed budovou OU<\/p>\n<p><strong>5.9.2015 Dary Sta\u0161ova aneb co lze ud\u011blat v kuchyni z plod\u016f sta\u0161ovsk\u00fdch zahr\u00e1dek<\/strong> &#8211; od 13:00 v budov\u011b OU<\/p>\n<p><strong>5.9.2015 130.v\u00fdro\u010d\u00ed zalo\u017een\u00ed SDH Sta\u0161ov<\/strong><\/p>\n<p><a href=\"http:\/\/www.obec-stasov.cz\/wp-content\/uploads\/2007\/02\/130.v\u00fdro\u010d\u00ed-.jpg\"><img decoding=\"async\" loading=\"lazy\" class=\"alignright size-full wp-image-2449\" src=\"http:\/\/www.obec-stasov.cz\/wp-content\/uploads\/2007\/02\/130.v\u00fdro\u010d\u00ed-.jpg\" alt=\"130.v\u00fdro\u010d\u00ed\" width=\"819\" height=\"460\" srcset=\"http:\/\/www.obec-stasov.cz\/wp-content\/uploads\/2007\/02\/130.v\u00fdro\u010d\u00ed-.jpg 819w, http:\/\/www.obec-stasov.cz\/wp-content\/uploads\/2007\/02\/130.v\u00fdro\u010d\u00ed--300x168.jpg 300w\" sizes=\"(max-width: 819px) 100vw, 819px\" \/><\/a><a href=\"http:\/\/www.obec-stasov.cz\/wp-content\/uploads\/2007\/02\/130.v\u00fdro\u010d\u00ed-.jpg\"><br \/>\n<\/a><\/p>\n<p><strong>7.-9.8.2015 Pou\u0165ov\u00e9 veselen\u00ed se<\/strong> &#8211; sportovn\u00ed are\u00e1l Sta\u0161ov, P\u00e1 od 20:00 diskot\u00e9ka DJ J\u00e1ra, sobota Duo Kv\u00ed\u010dala\u00a0od 14:00, neb\u011ble pou\u0165<\/p>\n<p><strong>1.8.2015 Sta\u0161ovsk\u00e9 bodlo VI.ro\u010dn\u00edk<\/strong> &#8211; sportovn\u00ed are\u00e1l Sta\u0161ov od 8:00 hod, ob\u010derstven\u00ed zaji\u0161t\u011bno, mo\u017en\u00e1bude i sk\u00e1kac\u00ed hrad (snad to tentokr\u00e1t vyjde)<\/p>\n<p><strong>25.7.2015 Oslava l\u00e9ta<\/strong> &#8211; veselice ve sportovn\u00edm are\u00e1lu od 18:00 hod<\/p>\n<p><strong>30.5.2015 D\u011btsk\u00fd den &#8211; <\/strong>od 14:00 u Obecn\u00edho \u00fa\u0159adu, Pod lipou a na hr\u00e1zi rybn\u00edka<\/p>\n<p><strong>11.4.2015 D\u011btsk\u00fd karneval<\/strong> od 14:00 v prostorech OU<\/p>\n<p><strong>20.3.2015 \u0160kolen\u00ed prvn\u00ed pomoci<\/strong> od 16:00 v prostorech OU<\/p>\n<p><strong>14.2.2015 Masopust<\/strong> sraz ve 14 hodin p\u0159ed kostelem, zakon\u010den\u00ed u pana Pe\u0148\u00e1ze v \u010d.p.77<\/p>\n<p><strong>24.1.2015 v\u00fdro\u010dn\u00ed sch\u016fze SDH Sta\u0161ov<\/strong> od 14 hod v prostorech OU<\/p>\n<p><strong>17.1.2015 3.ro\u010dn\u00edk Zeli\u00e1dy<\/strong> od 17 hod na OU<\/p>\n<p><strong><strong>Rok 2014<\/strong><\/strong><\/p>\n<p><strong>13.12.2014 V\u00e1no\u010dn\u00ed posezen\u00ed s d\u016fchodci<\/strong> &#8211; od 14:30 v prostorech OU<\/p>\n<p><strong>5.12.2014 Mikul\u00e1\u0161sk\u00e1 bes\u00eddka<\/strong> &#8211; od 17:00 v prostorech OU<\/p>\n<p><strong>29.11.2014 Rozsv\u011bcen\u00ed v\u00e1no\u010dn\u00edho stromu<\/strong> &#8211; od 17:00 v kostele<\/p>\n<p><strong>13.9.2014 Dary Sta\u0161ova, aneb co lze ud\u011blat v kuchyni z plod\u016f sta\u0161ovsk\u00fdch zahr\u00e1dek + draki\u00e1da, uk\u00e1zky \u00a0pr\u00e1ce SDH <\/strong>od 14:00 hodin v budov\u011b OU a na prostranstv\u00ed p\u0159ed OU<\/p>\n<p><strong>9.8.2014 Pou\u0165ov\u00e1 z\u00e1bava<\/strong> &#8211; na m\u00edstn\u00edm sportovi\u0161ti od 17 hodin, hraje dechovka s panem Ji\u0159\u00edm V\u00e1gnerem, na kytaru pan Va\u0161ek Pe\u0148\u00e1z a v pozdn\u00edch hodin\u00e1ch bude i diskot\u00e9ka<\/p>\n<p><strong>2.8.2014 Sta\u0161ovsk\u00e9 bodlo<\/strong> &#8211; od 8 hodin do cca 16 hodin na m\u00edstn\u00edm sportovi\u0161ti. Ob\u010derstven\u00ed zaji\u0161t\u011bno<\/p>\n<p><strong>12.7.2014 Sta\u0161ovsk\u00fd okoun &#8211; zah\u00e1jen\u00ed obnovy sportovn\u00edho rybolovu ve Sta\u0161ov\u011b<\/strong><\/p>\n<p><strong>5.7.2014 Pozv\u00e1nka na zah\u00e1jen\u00ed letn\u00edch pr\u00e1zdnin<\/strong> &#8211; &#8222;Na Hasi\u010d\u00e1rn\u011b&#8220; (naproti budov\u011b OU) od 15:00 uk\u00e1zky vypro\u0161\u0165ovac\u00ed techniky profesion\u00e1ln\u00edch hasi\u010d\u016f, od 17:00 zahraje Duo Kv\u00ed\u010dala (zp\u00edv\u00e1 Ji\u0159\u00ed V\u00e1gner)<\/p>\n<h2><strong><span style=\"font-size: 13px;\">21.6.2014 <\/span><\/strong><strong style=\"font-size: 13px;\">Nostalgick\u00e9 setk\u00e1n\u00ed s kytarou Anton\u00edna Divok\u00e9ho<\/strong><span style=\"font-size: 13px; font-weight: normal;\"> &#8211;\u00a0sportovn\u00ed are\u00e1l od 17:00<\/span><\/h2>\n<p><strong>1.6.2014 D\u011btsk\u00fd den na hasi\u010dsk\u00e9 h\u0159i\u0161ti<\/strong> naproti OU spojen\u00fd s otev\u0159en\u00edm nov\u00e9ho obchodu od 13:00<\/p>\n<p><strong><strong>1.3.2014 Masopust &#8211; <\/strong><\/strong>sraz ve 14:00 p\u0159ed kostelem, pr\u016fvodem sm\u011br sportovn\u00ed are\u00e1l, kde budou zab\u00edja\u010dkov\u00e9 hody z\u00e1bava pak bude pokra\u010dovat v budov\u011b OU<\/p>\n<p><strong><strong>15.2.2014 D\u011btsk\u00fd karneval <\/strong><\/strong>&#8211; budova OU od 14:00<\/p>\n<p><strong><strong>11.1.2014 Zeli\u00e1da &#8211; druh\u00fd ro\u010dn\u00edk &#8211; <\/strong><\/strong>budova OU<\/p>\n<p><strong><strong>Rok 2013<\/strong><\/strong><\/p>\n<p><strong><strong>31.12.2013 Silvestr <\/strong><\/strong>ve 14.00 hod. se sejdene u V\u00e1pen\u00edk\u016f, pan\u00ed V\u00e1pen\u00edkov\u00e1\u00a0bude m\u00edt podle po\u010das\u00ed pro n\u00e1s p\u0159ipravenou trasu (jen kdo chce a &#8222;zvl\u00e1dne to&#8220;). \u00a0Ostatn\u00ed od 17.00 na O\u00da.<\/p>\n<p>Zahraje harmonika p. V\u00e1pen\u00edk a kytara V.Pen\u00e1z. Zap\u011bje K.Gott,Iveta Barto\u0161ov\u00e1, Eva a Va\u0161ek a dal\u0161\u00ed a dal\u0161\u00ed. Bude se to\u010dit pivo, va\u0159it k\u00e1v\u00e1, gul\u00e1\u0161 a topinky, dal\u0161\u00ed ob\u010derstven\u00ed si doneste podle dv\u00e9 chuti.<\/p>\n<p><strong><strong>15.12.2013\u00a0 V\u00e1no\u010dn\u00ed posezen\u00ed pro star\u0161\u00ed spoluob\u010dany &#8211; <\/strong><\/strong>14:30 v budov\u011b OU, ob\u010derstven\u00ed zaji\u0161t\u011bno, prov\u00e1zet bude \u017eiv\u00e1 hudba pana V\u00e1gnera,\u00a0pro ob\u010dany bez mo\u017enosti dopravy zaji\u0161t\u011bn svoz na O\u00da a zp\u011bt dom\u016f.<\/p>\n<p><strong><strong>14.12.2013\u00a0 V\u00fdro\u010dn\u00ed sch\u016fze Svazu dobrovoln\u00fdch hasi\u010d\u016f &#8211; <\/strong><\/strong>budova vyhrazena<\/p>\n<p><strong><strong>5.12.2013\u00a0 Mikul\u00e1\u0161sk\u00e1 nad\u00edlka &#8211; <\/strong><\/strong>od 16:30 v budov\u011b OU. Dobrou n\u00e1ladu s sebou. \u010certi, mikul\u00e1\u0161 s and\u011blem, ob\u010derstven\u00ed a p\u0159ekvapen\u00ed pro d\u011bti zaji\u0161t\u011bno<\/p>\n<p><strong><strong>30.11.2013\u00a0Rozsv\u011bcen\u00ed v\u00e1no\u010dn\u00edho stromu p\u0159ed budovou OU\u00a0 &#8211; <\/strong><\/strong>od 17:00 sraz p\u0159ed budovou OU, zazp\u00edv\u00e1 pan V\u00e1gner, d\u00e1le pak posezen\u00ed s hudbou v budov\u011b OU<\/p>\n<p><strong><strong>12.10.2013 Den otev\u0159en\u00fdch dve\u0159\u00ed na obecn\u00edm \u00fa\u0159ad\u011b <\/strong><\/strong>&#8211; znovuotev\u0159en\u00ed budovy OU po celkov\u00e9 rekonstrukci, od 15:00, ob\u010derstven\u00ed zaji\u0161t\u011bno<\/p>\n<p><strong>27.7.2013\u00a0 IV.ro\u010dn\u00edk Sta\u0161ovsk\u00e9 Bodlo &#8211; <\/strong>v 8:00 na m\u00edstn\u00edm sporotvi\u0161ti<\/p>\n<p><strong><strong>22.6.2013 Sportovn\u00ed odpoledne &#8211; <\/strong><\/strong>od 13 hodin Sportovn\u00ed\u00a0are\u00e1l Sta\u0161ov<\/p>\n<p><strong>7.6.2013 Tane\u010dn\u00ed z\u00e1bava &#8211; <\/strong>od 19 hodin,\u00a0 Sportovn\u00ed are\u00e1l Sta\u0161ov<\/p>\n<p><strong><strong>19.5.2013 Kv\u011btinov\u00e1 inspirace &#8211; <\/strong><\/strong>od 10 hodin &#8222;U Houdk\u016f&#8220;<\/p>\n<p><strong><strong>9.2.2013 Masopustn\u00ed pr\u016fvod &#8211; <\/strong><\/strong>sraz ve 14 hodin na prostranstv\u00ed pod kostelem<\/p>\n<p><strong><strong>Rok 2012<\/strong><\/strong><\/p>\n<p><strong><strong><strong>5.12.2012 Mikul\u00e1\u0161sk\u00e1 nad\u00edlka &#8211; <\/strong><\/strong><\/strong>tentokr\u00e1t are\u00e1l sportovi\u0161t\u011b v 17:30<\/p>\n<p><strong><strong><strong>1.9.2012 Sportovn\u00ed odpoledne pro d\u011bti &#8211; <\/strong><\/strong><\/strong>are\u00e1l sportovi\u0161t\u011b ve\u00a0Sta\u0161ov\u011b od 14 hod.<\/p>\n<p><strong><strong><strong>4.8.2012 III.ro\u010dn\u00edk sta\u0161ovsk\u00e9ho bodla &#8211; <\/strong><\/strong><\/strong>turnaj v mal\u00e9 kopan\u00e9<\/p>\n<p><strong>11.-12.2012 Pou\u0165 <\/strong>sportovn\u00ed are\u00e1l ve Sta\u0161ov\u011b<\/p>\n<p><strong>16.6.2012 D\u011btsk\u00fd den <\/strong>&#8211; are\u00e1l sportovi\u0161t\u011b ve Sta\u0161ov\u011b<\/p>\n<p><strong><strong><strong>10.3.2012 D\u011btsk\u00fd karneval <\/strong><\/strong><\/strong>v prosotorech Obecn\u00edho \u00fa\u0159adu od 14 hodin<\/p>\n<p><strong><strong>10.3.2012 Bruslen\u00ed <\/strong><\/strong>pro d\u011bti i dosp\u011bl\u00e9 na ledov\u00e9 plo\u0161e zimn\u00edho stadionu v Poli\u010dce\u00a0 od 8:30 &#8211; 10hod.- po\u0159\u00e1d\u00e1 HC STa\u0161ov<\/p>\n<p><strong><strong><strong><strong>18.2.2012 Masopust ve Sta\u0161ov\u011b<\/strong><\/strong><\/strong><\/strong><\/p>\n<p><strong><strong>Rok 2011<\/strong><\/strong><\/p>\n<p><strong><strong>4.12.2011 Mikul\u00e1\u0161sk\u00e1 nad\u00edlka<\/strong><\/strong><\/p>\n<p><strong><strong>30.7.2011 &#8222;Sta\u0161ovsk\u00e9 bodlo&#8220;<\/strong> <\/strong>druh\u00fd ro\u010dn\u00edk fotbalov\u00e9ho turnaje v mal\u00e9 kopan\u00e9<\/p>\n<p><strong>5.6.2011 Z\u00e1jezd do \u0160iklova ml\u00fdna<\/strong> po\u0159\u00e1dan\u00fd ke dni d\u011bt\u00ed obecn\u00edm \u00fa\u0159adem<\/p>\n<p><strong>Rok 2010<\/strong><\/p>\n<p><strong>5.12.2010 Mikul\u00e1\u0161sk\u00e1 nad\u00edlka<\/strong><\/p>\n<p><strong>7.-8.8.2010 Pou\u0165 <\/strong>sportovn\u00ed are\u00e1l ve Sta\u0161ov\u011b<\/p>\n<p><strong>31.7.2010 &#8222;Sta\u0161ovsk\u00e9 bodlo&#8220;<\/strong> druh\u00fd ro\u010dn\u00edk fotbalov\u00e9ho turnaje v mal\u00e9 kopan\u00e9<\/p>\n<p><strong>5.6.2010 &#8222;D\u011btsk\u00fd den s Ve\u010dern\u00ed\u010dkem&#8220;<\/strong> sportovn\u00ed a z\u00e1bavn\u00e9 odpoledne po\u0159\u00e1dan\u00ed ke dni d\u011bt\u00ed, od 14:00 hod\u00a0ve sportovn\u00edm are\u00e1lu<\/p>\n<p><strong>29.5.2010 Z\u00e1jezd do ZOO Le\u0161n\u00e1 u Zl\u00edna<\/strong> po\u0159\u00e1dan\u00fd ke dni d\u011bt\u00ed obecn\u00edm \u00fa\u0159adem, odjezd ze zast\u00e1vek v 7:00 hod, p\u0159edpokl\u00e1dan\u00fd n\u00e1vrat kolem 19:00hod. V\u00edce viz let\u00e1\u010dek v aktualit\u00e1ch<\/p>\n<p><strong>30.4.2010 &#8222;P\u00e1len\u00ed \u010darodejnic&#8220;<\/strong> akce ve sportovn\u00edm are\u00e1lu p\u0159\u00edstupn\u00e1 ve\u0159ejnosti, zveme srde\u010dn\u011b v\u0161echny<\/p>\n<p><strong>Rok 2009<\/strong><\/p>\n<p><strong>5.12.2009 \u00a0Mikul\u00e1\u0161sk\u00e1 nad\u00edlka <\/strong>v prostorech obecn\u00edho \u00fa\u0159adu od 17:00 hod<\/p>\n<p><strong>8.-9.8. 2009 \u00a0Po\u0165 v obci Sta\u0161ov <\/strong>spolu s ned\u011bln\u00ed sv\u00e1te\u010dn\u00ed m\u0161\u00ed<\/p>\n<p><strong>1.8.2009 Sta\u0161ovsk\u00e9 bodlo &#8211; <\/strong>v sobotu 1.8. po\u0159\u00e1daj\u00ed m\u00edstn\u00ed fotbalist\u00e9 ve sportovn\u00edm are\u00e1lu ve Sta\u0161ov\u011b turnaj v mal\u00e9 kopan\u00e9 pro registrovan\u00e9 i neregistrovan\u00e9 hr\u00e1\u010de. Za\u010d\u00e1tek turnaje v 8:30 hod. P\u0159ih\u00e1\u0161ky jsou p\u0159ij\u00edm\u00e1ny do 25.7.2009.<\/p>\n<p><strong>20.6.2009 slavnostn\u00ed vyhl\u00e1\u0161en\u00ed v\u00edt\u011bz\u016f 2.ligy Svitavska v \u0161ipk\u00e1ch &#8211; v\u00edt\u011bz Bizoni Sta\u0161ov.<\/strong> Bizon\u016fm ze Sta\u0161ova se poda\u0159ilo hned prvn\u00edm rokem sv\u00e9ho p\u016fsoben\u00ed z\u00edskat 1:m\u00edsto v 2.lize Svitavska pro rok 2008\/2009. Gratulujeme.<\/p>\n<p><strong>6.6.2009 D\u011btsk\u00e9 odpoledne &#8211;<\/strong> na m\u00edstn\u00edm sportovi\u0161ti od 14:00, ob\u010derstven\u00ed zaji\u0161t\u011bno<\/p>\n<p><strong>30.5.2009 Z\u00e1jezd do ZOO Jihlava s n\u00e1v\u0161t\u011bvou Jihlavsk\u00e9ho podzem\u00ed &#8211;<\/strong> po\u0159\u00e1d\u00e1 Obecn\u00ed \u00fa\u0159ad ke dni d\u011bt\u00ed\u00a0&#8211; odjezd 7:00 ze zast\u00e1vek. Programem z\u00e1jezdu je n\u00e1v\u0161t\u011bva ZOO Jihlava s nov\u00fdm pavilonem \u201c<strong>Africk\u00e1 vesnice MATONGO<\/strong>\u201d a n\u00e1v\u0161t\u011bva jihlavsk\u00e9ho podzem\u00ed s <strong>unik\u00e1tn\u00ed sv\u011bt\u00e9lkuj\u00edc\u00ed chodbou<\/strong><\/p>\n<p><strong>Rok 2008 <\/strong><\/p>\n<p><strong>5.12.2009 \u00a0Mikul\u00e1\u0161sk\u00e1 bes\u00eddka<\/strong> v prostorech obecn\u00edho \u00fa\u0159adu od 17:00 hod<\/p>\n<p><strong>26.11.2008<\/strong> <strong>Kurz prvn\u00ed pomoci<\/strong><\/p>\n<p>Obecn\u00ed \u00fa\u0159ad po\u0159\u00e1d\u00e1 dne 26.11.2008 v 18:00 hodin, za \u00fa\u010dasti odborn\u00e9ho lektora, v prostorech Obecn\u00edho \u00fa\u0159adu p\u0159edn\u00e1\u0161ku, na t\u00e9ma PRVN\u00cd POMOC &#8211; CO D\u011aLAT KDY\u017d&#8230;.<\/p>\n<p>V\u0161ichni jsou srde\u010dn\u011b zv\u00e1ni. Nikdy nev\u00edte, kdy takov\u00e9 zku\u0161enosti mohou zachr\u00e1nit n\u011b\u010d\u00ed \u017eivot.<\/p>\n<p><strong>6.9.2008<\/strong> <strong>Sportovn\u00ed odpoledne pro d\u011bti i dosp\u011bl\u00e9 s ve\u010dern\u00edm posezen\u00edm s \u017eivou hudbou<\/strong><\/p>\n<p>Obecn\u00ed \u00fa\u0159ad po\u0159\u00e1d\u00e1 ve spolupr\u00e1ci s HC Sta\u0161ov a \u0161ipka\u0159sk\u00fdm klubem Bizoni Sta\u0161ov sportovn\u00ed odpoledne pro d\u011bti i dosp\u011bl\u00e9 a ve\u010der posezen\u00ed s \u017eivou hudbou &#8211; kapelou pana Va\u0161ka Pe\u0148\u00e1ze.<\/p>\n<p><strong>9.-10.8.2008<\/strong> <strong>Pou\u0165 v obci Sta\u0161ov<\/strong><\/p>\n<p>Obecn\u00ed \u00fa\u0159ad Sta\u0161ov po\u0159\u00e1d\u00e1 ka\u017edoro\u010dn\u00ed pou\u0165. Koloto\u010de a jin\u00e9 pou\u0165ov\u00e9 atrace budou um\u00edst\u011bny v prostoru p\u0159ed m\u00edstn\u00edm hostincem.<\/p>\n<p><strong>28.6.2008<\/strong> <strong>Sportovn\u00ed odpoledne pro d\u011bti s ve\u010dern\u00edm oh\u0148ostrojem<\/strong><\/p>\n<p><strong>10.6.2008<\/strong> <strong>Canisterapie<\/strong> aneb l\u00e9\u010dba ps\u00ed l\u00e1skou &#8211; \u0160pa\u010dkov\u00e1 Ivana &#8211; po\u0159\u00e1d\u00e1 Obecn\u00ed \u00fa\u0159ad od 18:00 v prostor\u00e1ch obecn\u00edho \u00fa\u0159adu<\/p>\n<p><strong>1.6.2008<\/strong> <strong>Z\u00e1jezd do ZOO a Botanick\u00e9 zahrady v Praze <\/strong>ke dni d\u011bt\u00ed<strong>&#8211;<\/strong> po\u0159\u00e1d\u00e1 Obecn\u00ed \u00fa\u0159ad &#8211; odjezd 7:00 ze zast\u00e1vek<\/p>\n<p><strong>13.5.2008<\/strong> <strong>Z\u00e1jezd<\/strong> do Brna do <strong>divadla G Studio<\/strong> na komedii &#8222;<strong>Pan Kaplan m\u00e1 t\u0159\u00eddu st\u00e1le r\u00e1d<\/strong>&#8220; &#8211; po\u0159\u00e1d\u00e1 Obecn\u00ed \u00fa\u0159ad &#8211; odjezd 17:30 ze zast\u00e1vky od kostela<\/p>\n<p><strong>1.5.2008<\/strong> &#8222;<strong>P\u00e1len\u00ed \u010darodejnic<\/strong>&#8220; &#8211; po\u0159\u00e1d\u00e1 Odd\u00edl \u0161ipek &#8222;Sta\u0161ov\u0161t\u00ed Bizoni&#8220; a Obecn\u00ed \u00fa\u0159ad &#8211; u m\u00edstn\u00edho hostince od 14:00<\/p>\n<p><strong>15.4.2008<\/strong> <strong>Akce ochutn\u00e1vky m\u00edchan\u00fdch n\u00e1poj\u016f na obecn\u00edm \u00fa\u0159ad\u011b<\/strong> &#8211; Viktor Otava &#8211; po\u0159\u00e1d\u00e1 Obecn\u00ed \u00fa\u0159ad od 19:00<\/p>\n<p><strong>17.2.2008<\/strong> &#8222;<strong>D\u011btsk\u00fd karneval<\/strong>&#8220; v m\u00edstn\u00edm hostinci &#8211; po\u0159\u00e1d\u00e1no soukrom\u00fdmi osobami\u00a0 od 14:00<\/p>\n<p><strong>14.2.2008<\/strong> &#8222;<strong>Beseda s p\u00e1terem Erikem Tvrdon\u011bm&#8220;<\/strong> &#8211; t\u00e9ma\u00a0&#8222;\u017divot&#8220; &#8211; na obecn\u00edm \u00fa\u0159ad\u011b od 18:00<\/p>\n<p><strong>Rok 2007<\/strong><\/p>\n<p><strong> 5.12.2007<\/strong> <strong>Mikul\u00e1\u0161<\/strong> &#8211; po\u0159\u00e1d\u00e1 Obecn\u00ed \u00fa\u0159ad -na obecn\u00edm \u00fa\u0159ad\u011b od 16:00<\/p>\n<p><strong>11.-12.8.2007<\/strong> &#8222;<strong>Pou\u0165ov\u00e1 z\u00e1bava<\/strong>&#8220; po\u0159\u00e1d\u00e1 Obecn\u00ed \u00fa\u0159ad &#8211; p\u0159ed m\u00edstn\u00edm hostincem &#8211; cel\u00fd den<\/p>\n<p><strong>2.6.2007<\/strong> <strong>Z\u00e1jezd do ZOO Le\u0161n\u00e1 u Zl\u00edna <\/strong>ke dni d\u011bt\u00ed &#8211; po\u0159\u00e1d\u00e1 Obecn\u00ed \u00fa\u0159ad &#8211; odjezd 7:00 ze zast\u00e1vek<\/p>\n<p>N\u011bco z historie:<\/p>\n<p><strong>Rok 2006<\/strong><\/p>\n<p>5.12.2006 &#8222;<strong>Mikul\u00e1\u0161<\/strong>&#8220; Obecn\u00ed \u00fa\u0159ad po\u0159\u00e1d\u00e1 mikul\u00e1\u0161skou nad\u00edlku &#8211; v prostor\u00e1ch obecn\u00edho \u00fa\u0159adu<\/p>\n<p>2.11.2006 Ustavuj\u00edc\u00ed sch\u016fze Zastupitelstva obce Sta\u0161ov &#8211; obecn\u00ed \u00fa\u0159ad<\/p>\n<p>27.-28.10 Sen\u00e1tn\u00ed volby &#8211; obecn\u00ed \u00fa\u0159ad<\/p>\n<p>20.-21.10.2006 Volby do zastupitelstev obc\u00ed<\/p>\n<p>16.9.2006 <strong>Exhibi\u010dn\u00ed utk\u00e1n\u00ed HC Sta\u0161ov . London Devils<\/strong> &#8211; \u010cEZ Ar\u00e9na Pardubice 18:30<\/p>\n<p>2.9.2006 &#8222;<strong>Konec pr\u00e1zdnin<\/strong>&#8220; sportovn\u00ed odpoledne &#8211; po\u0159\u00e1d\u00e1 Obecn\u00ed \u00fa\u0159ad &#8211; d\u011btsk\u00e1 zahrada, louka pod obecn\u00edm \u00fa\u0159adem<\/p>\n<p>13.8.2006 Pou\u0165ov\u00e1 m\u0161e<\/p>\n<p>12.8.2006 &#8222;<strong>Pou\u0165ov\u00e1 z\u00e1bava<\/strong>&#8220; &#8211; po\u0159\u00e1d\u00e1 Obecn\u00ed \u00fa\u0159ad &#8211; p\u0159ed m\u00edstn\u00edm hostincem<\/p>\n<p>\u010dervenec- <strong>Posezen\u00ed s d\u016fchodci<\/strong> &#8211; dotov\u00e1no Obecn\u00edm \u00fa\u0159adem &#8211; v m\u00edstn\u00edm hostinci<\/p>\n<p>1.7.2006 <strong>Den d\u011bt\u00ed; Den kon\u00ed<\/strong> &#8211; po\u0159\u00e1d\u00e1no ke dni d\u011bt\u00ed &#8211; po\u0159\u00e1d\u00e1 Jezdeck\u00fd klub; dotov\u00e1no Obecn\u00edm \u00fa\u0159adem<\/p>\n<p>3.6.2006 <strong>Z\u00e1jezd do ZOO Liberec<\/strong> ke dni d\u011bt\u00ed &#8211; po\u0159\u00e1d\u00e1 Obecn\u00ed o\u0159ad &#8211; odjezd 7:00 ze zast\u00e1vek<\/p>\n","protected":false},"excerpt":{"rendered":"<p>Rok 2026 14.2.2026 Masopustn\u00ed pr\u016fvod &#8211; za\u010d\u00e1tek ve 14 hod od zast\u00e1vky u Transform\u00e1toru 31.1.2026 Zeli\u00e1da od 14 hod v budov\u011b O\u00da Rok 2025 13.9.2025 Ukli\u010fme Sta\u0161ov\u00a0sraz ve 14 hod pod l\u00edpou naproti O\u00da 30.8.2025 &#8211; Zakon\u010den\u00ed l\u00e9ta &#8211;\u00a0sportovn\u00ed are\u00e1l od 13:30 9.8.2025 &#8211; Pou\u0165ov\u00e1 z\u00e1bava &#8211; na m\u00edstn\u00edm sportovi\u0161ti 14.6.2025 D\u011btsk\u00fd den -na louce [&hellip;]<\/p>\n","protected":false},"author":1,"featured_media":0,"parent":0,"menu_order":0,"comment_status":"closed","ping_status":"closed","template":"","meta":{"footnotes":""},"_links":{"self":[{"href":"http:\/\/www.obec-stasov.cz\/index.php?rest_route=\/wp\/v2\/pages\/16"}],"collection":[{"href":"http:\/\/www.obec-stasov.cz\/index.php?rest_route=\/wp\/v2\/pages"}],"about":[{"href":"http:\/\/www.obec-stasov.cz\/index.php?rest_route=\/wp\/v2\/types\/page"}],"author":[{"embeddable":true,"href":"http:\/\/www.obec-stasov.cz\/index.php?rest_route=\/wp\/v2\/users\/1"}],"replies":[{"embeddable":true,"href":"http:\/\/www.obec-stasov.cz\/index.php?rest_route=%2Fwp%2Fv2%2Fcomments&post=16"}],"version-history":[{"count":99,"href":"http:\/\/www.obec-stasov.cz\/index.php?rest_route=\/wp\/v2\/pages\/16\/revisions"}],"predecessor-version":[{"id":7236,"href":"http:\/\/www.obec-stasov.cz\/index.php?rest_route=\/wp\/v2\/pages\/16\/revisions\/7236"}],"wp:attachment":[{"href":"http:\/\/www.obec-stasov.cz\/index.php?rest_route=%2Fwp%2Fv2%2Fmedia&parent=16"}],"curies":[{"name":"wp","href":"https:\/\/api.w.org\/{rel}","templated":true}]}}