{"id":1755,"date":"2014-06-20T09:47:46","date_gmt":"2014-06-20T07:47:46","guid":{"rendered":"http:\/\/www.obec-stasov.cz\/?page_id=1755"},"modified":"2024-02-10T21:56:04","modified_gmt":"2024-02-10T19:56:04","slug":"historie-obce","status":"publish","type":"page","link":"http:\/\/www.obec-stasov.cz\/?page_id=1755","title":{"rendered":"Historie obce"},"content":{"rendered":"<p>Tato str\u00e1nka byla vytvo\u0159ena ve spolupr\u00e1ci s panem Thomasem Kuklou, kter\u00fd p\u0159edal \u00a0p\u0159i sv\u00e9m setk\u00e1n\u00ed se starostou obce<a href=\"http:\/\/www.obec-stasov.cz\/wp-content\/uploads\/2014\/06\/Policka_2014-2_134a.jpg\"><img decoding=\"async\" loading=\"lazy\" class=\"alignright size-medium wp-image-1795\" title=\"Policka_2014-2_134a\" src=\"http:\/\/www.obec-stasov.cz\/wp-content\/uploads\/2014\/06\/Policka_2014-2_134a-224x300.jpg\" alt=\"\" width=\"224\" height=\"300\" srcset=\"http:\/\/www.obec-stasov.cz\/wp-content\/uploads\/2014\/06\/Policka_2014-2_134a-224x300.jpg 224w, http:\/\/www.obec-stasov.cz\/wp-content\/uploads\/2014\/06\/Policka_2014-2_134a-767x1024.jpg 767w, http:\/\/www.obec-stasov.cz\/wp-content\/uploads\/2014\/06\/Policka_2014-2_134a.jpg 1240w\" sizes=\"(max-width: 224px) 100vw, 224px\" \/><\/a> Sta\u0161ov obci \u010desk\u00e9 p\u0159episy pam\u011btn\u00edch list\u016f, kter\u00e9 byly nalezeny po druh\u00e9m po\u017e\u00e1ru kostela v roce 1983. Na z\u00e1klad\u011b dal\u0161\u00edho p\u00e1tr\u00e1n\u00ed byly pan\u00ed N\u011bmcovou And\u011blou poskytnuty dal\u0161\u00ed historick\u00e9 pam\u011btn\u00ed listy, kter\u00e9 byly vytvo\u0159eny roku 1988.<\/p>\n<p>Mezi dal\u0161\u00ed dokumenty pat\u0159\u00ed dobov\u00e9 pohlednice, fotografie a mapy ze soukrom\u00fdch zdroj\u016f rod\u00e1k\u016f obce, ob\u010dan\u016f a nalezen\u00e9 na internetu. Historick\u00e9 fotografie a pohlednice naleznete ve fotogalerii:\u00a0http:\/\/stasov.rajce.idnes.cz\/<\/p>\n<p>Pokud n\u011bkdo m\u00e1 a poskytne n\u00e1m dal\u0161\u00ed dobov\u00e9 materi\u00e1ly, budeme r\u00e1di a p\u0159edem d\u011bkujeme.<\/p>\n<p>&nbsp;<\/p>\n<p><strong>I<\/strong>.<strong> <\/strong><strong>Pam\u00e1tn\u00fd list p\u0159i polo\u017een\u00ed z\u00e1kladn\u00edho kamene nov\u00e9ho kostela ve Sta\u0161ov\u011b 28.8.1864<\/strong><\/p>\n<p><strong>II.\u00a0<strong>Pam\u011btn\u00ed list o postaven\u00ed kostela ve Sta\u0161ov\u011b 1873<\/strong><\/strong><\/p>\n<p><strong><strong><strong>III. Pam\u011btn\u00ed list z\u00a0roku 1937 <\/strong><\/strong><\/strong><\/p>\n<p><strong><strong><strong>IV. Pam\u011btn\u00ed list z roku 1988 &#8211; za c\u00edrkev<\/strong><\/strong><\/strong><\/p>\n<p><strong><strong><strong>V. Pam\u011btn\u00ed list z roku 1988 &#8211; za MNV<\/strong><\/strong><\/strong><\/p>\n<p><strong><strong><strong><a href=\"http:\/\/www.obec-stasov.cz\/wp-content\/uploads\/2014\/06\/Pam\u011btn\u00ed-listy-k-historii-obce-186418731937.pdf\">Pam\u011btn\u00ed listy k historii obce 1864,1873,1937<\/a><\/strong><\/strong><\/strong><\/p>\n<p><strong><strong><strong><a href=\"http:\/\/www.obec-stasov.cz\/wp-content\/uploads\/2014\/06\/Pam\u011btn\u00ed-listy-k-historii-obce-1988.pdf\">Pam\u011btn\u00ed listy k historii obce 1988<\/a><\/strong><\/strong><\/strong><\/p>\n<p><strong><strong><strong>Mapa Sta\u0161ov z roku 1958 datovan\u00e1 k roku 1945<\/strong><\/strong><\/strong><\/p>\n<p><strong><strong><strong><a href=\"http:\/\/www.obec-stasov.cz\/wp-content\/uploads\/2014\/06\/Sta\u0161ov-mapa-k-roku-1945.jpg\"><img decoding=\"async\" loading=\"lazy\" class=\"aligncenter size-medium wp-image-1791\" title=\"Sta\u0161ov mapa k roku 1945\" src=\"http:\/\/www.obec-stasov.cz\/wp-content\/uploads\/2014\/06\/Sta\u0161ov-mapa-k-roku-1945-300x217.jpg\" alt=\"\" width=\"300\" height=\"217\" srcset=\"http:\/\/www.obec-stasov.cz\/wp-content\/uploads\/2014\/06\/Sta\u0161ov-mapa-k-roku-1945-300x217.jpg 300w, http:\/\/www.obec-stasov.cz\/wp-content\/uploads\/2014\/06\/Sta\u0161ov-mapa-k-roku-1945-1024x741.jpg 1024w, http:\/\/www.obec-stasov.cz\/wp-content\/uploads\/2014\/06\/Sta\u0161ov-mapa-k-roku-1945.jpg 1600w\" sizes=\"(max-width: 300px) 100vw, 300px\" \/><\/a><\/strong><\/strong><\/strong><\/p>\n<p><strong><strong><strong><a href=\"http:\/\/www.obec-stasov.cz\/wp-content\/uploads\/2014\/06\/01_pohlednice.jpg\"><img decoding=\"async\" loading=\"lazy\" class=\"alignleft size-medium wp-image-1793\" title=\"01_pohlednice\" src=\"http:\/\/www.obec-stasov.cz\/wp-content\/uploads\/2014\/06\/01_pohlednice-300x200.jpg\" alt=\"\" width=\"300\" height=\"200\" srcset=\"http:\/\/www.obec-stasov.cz\/wp-content\/uploads\/2014\/06\/01_pohlednice-300x200.jpg 300w, http:\/\/www.obec-stasov.cz\/wp-content\/uploads\/2014\/06\/01_pohlednice-1024x684.jpg 1024w\" sizes=\"(max-width: 300px) 100vw, 300px\" \/><\/a><\/strong><\/strong><\/strong><\/p>\n<p>&nbsp;<\/p>\n<p>&nbsp;<\/p>\n<p>&nbsp;<\/p>\n<p>&nbsp;<\/p>\n<p>&nbsp;<\/p>\n<p>&nbsp;<\/p>\n<p>&nbsp;<\/p>\n<p>&nbsp;<\/p>\n<p><strong>B\u00fdval\u00e9 miner\u00e1ln\u00ed l\u00e1zn\u011b\u00a0 BALDA\/ Waldla neboli Zlat\u00e1 studn\u011b \/Goldbrunn,<\/strong><\/p>\n<p>nyn\u00ed poutn\u00ed m\u00edsto, kde se jednou ro\u010dn\u011b sch\u00e1z\u00ed v\u011b\u0159\u00edc\u00ed z\u00a0cel\u00e9ho okol\u00ed, aby v\u00a0kapli Panny Marie Sn\u011b\u017en\u00e9 p\u0159edlo\u017eili svoje prosby a pod\u011bkovali za dary, kter\u00e9 obdr\u017eeli v\u00a0minul\u00e9m roce. Tato pou\u0165 se slav\u00ed v\u017edy prvn\u00ed ned\u011bli v\u00a0srpnu.<\/p>\n<p>Balda se nach\u00e1z\u00ed v\u00a0les\u00edch mezi Jedlovou a Sta\u0161ovem a k\u00a0m\u00edstu se v\u00e1\u017ee n\u00e1sleduj\u00edc\u00ed historie: Asi v\u00a0roce 1650 na\u0161el na tomto m\u00edst\u011b jeden jedlovsk\u00fd sedl\u00e1k zlat\u00fd k\u00e1men ve tvaru r\u016f\u017ee. P\u0159i kop\u00e1n\u00ed na m\u00edst\u011b n\u00e1lezu byla objevena zlat\u00e1 \u017e\u00edla, jej\u00ed\u017e vyt\u011b\u017een\u00ed bylo znemo\u017en\u011bno tryskaj\u00edc\u00edm pramenem z\u00a0hloubi zem\u011b. Proto se toto m\u00edsto pojmenovalo Zlat\u00e1 studn\u011b\/Goldbrunn a potok, kter\u00fd te\u010de z\u00a0Jedlov\u00e9 sm\u011brem na Hamry, Zlat\u00fd potok. Voda se postupem \u010dasu uk\u00e1zala jako l\u00e9\u010div\u00e1 a hrab\u011b Franz Rudolf von Hehenembs (Bystersk\u00e9 panstv\u00ed) na tomto m\u00edst\u011b postavil v\u00a0roce 1740 d\u0159ev\u011bn\u00fd l\u00e1ze\u0148sk\u00fd d\u016fm s\u00a0d\u0159ev\u011bn\u00fdmi vanami, v\u00a0kter\u00fdch byly miner\u00e1ln\u00ed koupele pro hosty, p\u0159ev\u00e1\u017en\u011b z\u00a0rodu Hohenembs\u016f. Postupem \u010dasu se miner\u00e1ln\u00ed l\u00e1zn\u011b roz\u0161i\u0159ovaly o dal\u0161\u00ed stavby. Aby se vyhov\u011blo duchovn\u00ed pot\u0159eb\u011b n\u00e1v\u0161t\u011bvn\u00edk\u016f byla v\u00a0letech 1747 a\u017e 1748 vybudov\u00e1na mal\u00e1 kaple, zasv\u011bcen\u00e1 Pann\u011b Marii Sn\u011b\u017en\u00e9.<\/p>\n<p>Prvn\u00ed zm\u00ednku na ve\u0159ejnost o l\u00e9\u010div\u00e9 vod\u011b podal v\u00a0roce 1748 doktor l\u00e9ka\u0159stv\u00ed a filozofie V. B. Petr\u017eilka ve sv\u00e9 kn\u00ed\u017ece, kde je popisov\u00e1na takto: \u201e<em>Povzbuzuje temperament, z\u0159e\u010fuje a vym\u00fdv\u00e1 hleny v\u00a0\u017ealudku. Voda prot\u00e9kaj\u00edc\u00ed nerosty zlata nepochybn\u011b p\u0159ij\u00edm\u00e1 jeho vlastnosti a posiluje nervy, zvl\u00e1\u0161t\u011b srdce a \u010dist\u00ed krev. P\u00edt ji studenou je u\u017eite\u010dn\u00e9 k\u00a0snadn\u011bj\u0161\u00edmu vyprazd\u0148ov\u00e1n\u00ed \u017ealudku, dvan\u00e1ctern\u00edku a p\u0159i poruch\u00e1ch \u017elu\u010dov\u00fdch cest. Tepl\u00e1 voda rozpou\u0161t\u00ed hleny a z\u00e1cpu, pije se p\u0159i onemocn\u011bn\u00ed krku, mo\u010dov\u00e9ho m\u011bch\u00fd\u0159e a such\u00e9m ka\u0161li<\/em>.\u201c<\/p>\n<p>L\u00e1zn\u011b se pomalu rozr\u016fstaly a m\u011bly dv\u011b \u010d\u00e1sti, tzv. horn\u00ed s\u00a0restaurac\u00ed \u201eSilvestr-Friedrich\u201c a jej\u00edmi depandancemi, kter\u00e1 n\u00e1le\u017eela katastru Sta\u0161ov\/Dittersbach a doln\u00ed s\u00a0l\u00e1ze\u0148sk\u00fdm domem, z\u00e1me\u010dkem, myslivnou a baz\u00e9nem, kter\u00e1 n\u00e1le\u017eela katastru Jedlov\u00e1\/ Sch\u00f6nbrunn. Pulzoval v\u00a0nich ru\u0161n\u00fd \u017eivot, zvl\u00e1\u0161t\u011b pak za Marie Rebeky Josefy z\u00a0Hohenembs\u016f, kter\u00e1 l\u00e1zn\u011b \u010dasto nav\u0161t\u011bvovala se sv\u00fdmi p\u0159\u00e1teli z\u00a0V\u00eddn\u011b. Z\u00a0Bystersk\u00e9ho z\u00e1mku vedla cesta p\u0159\u00edmo a\u017e do Baldy. Po jej\u00ed smrti (1806) ruch viditeln\u011b utichl.\u00a0 Vesel\u00fd \u017eivot op\u011bt nastal, kdy\u017e posledn\u00ed majitelka panstv\u00ed Ernestina svobodn\u00e1 pan\u00ed z\u00a0Langetu \u010dasto Baldu nav\u0161t\u011bvovala a dbala, aby se l\u00e1zn\u011b staly vyhled\u00e1van\u00fdm st\u0159ediskem p\u00e9\u010de a pohody. Po jej\u00ed smrti (1868), p\u0159ipadlo panstv\u00ed v\u010detn\u011b l\u00e1zn\u00ed habsbursko \u2013 lotrinsk\u00e9mu rodu. Po rozpadnut\u00ed Habsbursk\u00e9 \u0159\u00ed\u0161e (1918) p\u0159ipadl tento majetek \u010deskoslovensk\u00e9mu st\u00e1tu. Do roku 1938 spravovala l\u00e1ze\u0148skou p\u00e9\u010di Okresn\u00ed nemocensk\u00e1 pokladna v\u00a0Brn\u011b, ta tak\u00e9 v\u00a0lednu 1939, je\u0161t\u011b p\u0159ed okupac\u00ed, podala \u017e\u00e1dost o v\u00fdjimku ze z\u00e1boru, ale \u0159\u00ed\u0161skon\u011bmeck\u00fd konsul\u00e1t ji odm\u00edtl. Po roce 1945 za\u010daly pochopiteln\u011b v\u0161echny objekty ch\u00e1trat a st\u00e1vat se postupn\u011b nepou\u017eiteln\u00fdmi.<\/p>\n<p>Na z\u00e1klad\u011b povolen\u00ed St\u00e1tn\u00edho statku v\u00a0Bystr\u00e9m a ONV v\u00a0Poli\u010dce byl materi\u00e1l z\u00a0budov pou\u017eit k\u00a0roz\u0161\u00ed\u0159en\u00ed sousedn\u00ed zotavovny Jit\u0159enka, kter\u00e1 pat\u0159ila ROH.\u00a0 Z\u00a0cel\u00e9ho l\u00e1ze\u0148sk\u00e9ho m\u00edsta zbyla do dne\u0161n\u00ed doby pouze kaple a myslivna. A pro\u010d n\u00e1zev Balda? Jeliko\u017e m\u00edsto bylo obklopeno lesy n\u011bmecky dialektem Waldla, \u010desky se zm\u011bnilo jm\u00e9no na Balda.<\/p>\n<p>V\u00a0kapli se slou\u017eily v\u017edy prvn\u00ed ned\u011bli v\u00a0srpnu m\u0161e i za komunistick\u00e9 \u00e9ry a byly hojn\u011b nav\u0161t\u011bvovan\u00e9 v\u011b\u0159\u00edc\u00edmi z\u00a0Bystr\u00e9ho, Jedlov\u00e9, Sta\u0161ova, Pomez\u00ed a \u0161ir\u0161\u00edho okol\u00ed. Z\u00a0Bystr\u00e9ho a Jedlov\u00e9 pravideln\u011b chodilo proces\u00ed za doprovodu kapely a modliteb putuj\u00edc\u00edch poutn\u00edk\u016f. Tato tradice se dodr\u017euje dodnes, av\u0161ak poutn\u00edci jdou krat\u0161\u00ed cestu. Do t\u00e9to kaple p\u0159ich\u00e1zej\u00ed v\u011b\u0159\u00edc\u00ed s d\u016fv\u011brou p\u0159edkl\u00e1dat Pann\u011b Marii \u00a0svoje t\u011b\u017ekosti a prosit za uzdraven\u00ed. Po m\u0161i svat\u00e9 si ka\u017ed\u00fd poutn\u00edk \u201enato\u010d\u00ed l\u00e1ze\u0148skou vodu\u201c, ob\u010derstv\u00ed se, p\u0159\u00edpadn\u011b si n\u011bjakou lahev vezme je\u0161t\u011b dom\u016f. Jeliko\u017e je kaple v\u00a0sou\u010dasn\u00e9 dob\u011b spravov\u00e1na kn\u011bzem z\u00a0Poli\u010dky, p\u0159ij\u00ed\u017ed\u00ed tak\u00e9 na tuto pou\u0165 i v\u011b\u0159\u00edc\u00ed z\u00a0Poli\u010dky speci\u00e1ln\u00edm autobusem.<\/p>\n<p>2. srpna 2009, za p\u016fsobnosti P. Adriana Sedl\u00e1ka, byla kaple (i pramen) po celkov\u00e9 oprav\u011b vnit\u0159n\u00ed i vn\u011bj\u0161\u00ed znovu vysv\u011bcena. Tento kn\u011bz tak\u00e9 zavedl m\u0161e svat\u00e9 v kapli na ka\u017ed\u00fd v\u00fdznamn\u00fd mari\u00e1nsk\u00fd sv\u00e1tek. V\u00a0roce 2010 slavil u olt\u00e1\u0159e Panny Marie Sn\u011b\u017en\u00e9 dne 31. prosince p\u016flno\u010dn\u00ed m\u0161i svatou pomocn\u00fd biskup \u00a0<a href=\"http:\/\/www.bihk.cz\/dieceze\/osoba\/kajnek-josef\/\">J. E. Mons. Josef Kajnek<\/a><strong>. V\u00fdzdobu v\u017edy p\u0159ipravuj\u00ed farn\u00edci z\u00a0Pomezi.<\/strong><\/p>\n<p><strong> <\/strong><span style=\"text-align: right;\">V\u00a0sou\u010dasn\u00e9 dob\u011b je Balda v\u00fdletn\u00ed m\u00edsto v\u00a0zimn\u011b pro b\u011b\u017eka\u0159e, v\u00fdlety na kon\u00edch, v\u00a0l\u00e9t\u011b pro cyklisty, p\u011b\u0161\u00ed i motorizovan\u00e9. V\u00a0dob\u011b pr\u00e1zdnin je v\u00a0provozu kiosek, kter\u00fd nab\u00edz\u00ed z\u00e1kladn\u00ed ob\u010derstven\u00ed. <\/span><\/p>\n<p style=\"text-align: right;\"><span style=\"text-align: right;\"> <\/span><em style=\"text-align: right;\">Autor: And\u011bla N\u011bmcov\u00e1<\/em><\/p>\n<p>&nbsp;<\/p>\n<p>&nbsp;<\/p>\n<p>&nbsp;<\/p>\n<p><strong><strong><strong><br \/>\n<\/strong><\/strong><\/strong><\/p>\n","protected":false},"excerpt":{"rendered":"<p>Tato str\u00e1nka byla vytvo\u0159ena ve spolupr\u00e1ci s panem Thomasem Kuklou, kter\u00fd p\u0159edal \u00a0p\u0159i sv\u00e9m setk\u00e1n\u00ed se starostou obce Sta\u0161ov obci \u010desk\u00e9 p\u0159episy pam\u011btn\u00edch list\u016f, kter\u00e9 byly nalezeny po druh\u00e9m po\u017e\u00e1ru kostela v roce 1983. Na z\u00e1klad\u011b dal\u0161\u00edho p\u00e1tr\u00e1n\u00ed byly pan\u00ed N\u011bmcovou And\u011blou poskytnuty dal\u0161\u00ed historick\u00e9 pam\u011btn\u00ed listy, kter\u00e9 byly vytvo\u0159eny roku 1988. Mezi dal\u0161\u00ed dokumenty [&hellip;]<\/p>\n","protected":false},"author":4,"featured_media":0,"parent":159,"menu_order":0,"comment_status":"open","ping_status":"closed","template":"","meta":{"footnotes":""},"_links":{"self":[{"href":"http:\/\/www.obec-stasov.cz\/index.php?rest_route=\/wp\/v2\/pages\/1755"}],"collection":[{"href":"http:\/\/www.obec-stasov.cz\/index.php?rest_route=\/wp\/v2\/pages"}],"about":[{"href":"http:\/\/www.obec-stasov.cz\/index.php?rest_route=\/wp\/v2\/types\/page"}],"author":[{"embeddable":true,"href":"http:\/\/www.obec-stasov.cz\/index.php?rest_route=\/wp\/v2\/users\/4"}],"replies":[{"embeddable":true,"href":"http:\/\/www.obec-stasov.cz\/index.php?rest_route=%2Fwp%2Fv2%2Fcomments&post=1755"}],"version-history":[{"count":9,"href":"http:\/\/www.obec-stasov.cz\/index.php?rest_route=\/wp\/v2\/pages\/1755\/revisions"}],"predecessor-version":[{"id":6060,"href":"http:\/\/www.obec-stasov.cz\/index.php?rest_route=\/wp\/v2\/pages\/1755\/revisions\/6060"}],"up":[{"embeddable":true,"href":"http:\/\/www.obec-stasov.cz\/index.php?rest_route=\/wp\/v2\/pages\/159"}],"wp:attachment":[{"href":"http:\/\/www.obec-stasov.cz\/index.php?rest_route=%2Fwp%2Fv2%2Fmedia&parent=1755"}],"curies":[{"name":"wp","href":"https:\/\/api.w.org\/{rel}","templated":true}]}}