{"id":627,"date":"2011-01-03T12:11:21","date_gmt":"2011-01-03T10:11:21","guid":{"rendered":"http:\/\/www.obec-stasov.cz\/?page_id=627"},"modified":"2026-04-09T16:12:48","modified_gmt":"2026-04-09T14:12:48","slug":"ostatni","status":"publish","type":"page","link":"http:\/\/www.obec-stasov.cz\/?page_id=627","title":{"rendered":"Ostatn\u00ed"},"content":{"rendered":"\n<div class=\"wp-block-file\"><a id=\"wp-block-file--media-3bdbf58b-d33d-405a-bd21-2624f5f287f8\" href=\"https:\/\/www.obec-stasov.cz\/wp-content\/uploads\/2026\/04\/Verejna-schuze-zastupitelstva-16.4.2026.pdf\">Verejna-schuze-zastupitelstva-16.4.2026<\/a><a href=\"https:\/\/www.obec-stasov.cz\/wp-content\/uploads\/2026\/04\/Verejna-schuze-zastupitelstva-16.4.2026.pdf\" class=\"wp-block-file__button wp-element-button\" download aria-describedby=\"wp-block-file--media-3bdbf58b-d33d-405a-bd21-2624f5f287f8\">St\u00e1hnout<\/a><\/div>\n\n\n\n<p>Z\u00e1m\u011br kraje o bez\u00faplatn\u00fd p\u0159evod  pozemku p.\u010d. 3226\/2<\/p>\n\n\n\n<div class=\"wp-block-file\"><a id=\"wp-block-file--media-4b723f10-a9e7-4046-ad9a-c3489f6b4d2a\" href=\"https:\/\/www.obec-stasov.cz\/wp-content\/uploads\/2026\/03\/Zamer_kraje_Stasov_Bezuplatny-prevod-pozemku-nove-oznaceneho-jako-p.-p.-c.-32262.pdf\">Zamer_kraje_Stasov_Bezuplatny-prevod-pozemku-nove-oznaceneho-jako-p.-p.-c.-32262<\/a><a href=\"https:\/\/www.obec-stasov.cz\/wp-content\/uploads\/2026\/03\/Zamer_kraje_Stasov_Bezuplatny-prevod-pozemku-nove-oznaceneho-jako-p.-p.-c.-32262.pdf\" class=\"wp-block-file__button wp-element-button\" download aria-describedby=\"wp-block-file--media-4b723f10-a9e7-4046-ad9a-c3489f6b4d2a\">St\u00e1hnout<\/a><\/div>\n\n\n\n<p>Vyv\u011b\u0161eno:15.3.2026  Sv\u011b\u0161eno: 15.4.2026<\/p>\n\n\n\n<p>.<\/p>\n\n\n\n<p>Auk\u010dn\u00ed vyhl\u00e1\u0161ka &#8211; nab\u00eddka majetku st\u00e1tu<\/p>\n\n\n\n<div class=\"wp-block-file\"><a id=\"wp-block-file--media-ac970d10-9ec0-4359-a276-f7a9dfb8c5cf\" href=\"https:\/\/www.obec-stasov.cz\/wp-content\/uploads\/2026\/02\/aukcni-vyhlaska-.pdf\">aukcni-vyhlaska-<\/a><a href=\"https:\/\/www.obec-stasov.cz\/wp-content\/uploads\/2026\/02\/aukcni-vyhlaska-.pdf\" class=\"wp-block-file__button wp-element-button\" download aria-describedby=\"wp-block-file--media-ac970d10-9ec0-4359-a276-f7a9dfb8c5cf\">St\u00e1hnout<\/a><\/div>\n\n\n\n<p>Vyv\u011b\u0161eno 26.2.2026  Sv\u011b\u0161eno 26.3.2026<\/p>\n\n\n\n<p>.<\/p>\n\n\n\n<p>Mikroregion, pozv\u00e1nka na zased\u00e1n\u00ed valn\u00e9ho shrom\u00e1\u017ed\u011bn\u00ed:<\/p>\n\n\n\n<div class=\"wp-block-file\"><a id=\"wp-block-file--media-e38d3282-3dab-45ed-afe5-27a529f794aa\" href=\"https:\/\/www.obec-stasov.cz\/wp-content\/uploads\/2025\/11\/pozvanka-prosinec-2025-1.doc\">pozvanka-prosinec-2025-1<\/a><a href=\"https:\/\/www.obec-stasov.cz\/wp-content\/uploads\/2025\/11\/pozvanka-prosinec-2025-1.doc\" class=\"wp-block-file__button wp-element-button\" download aria-describedby=\"wp-block-file--media-e38d3282-3dab-45ed-afe5-27a529f794aa\">St\u00e1hnout<\/a><\/div>\n\n\n\n<div class=\"wp-block-file\"><a id=\"wp-block-file--media-27c6fd47-90d3-4691-8445-2de2381f0ecd\" href=\"https:\/\/www.obec-stasov.cz\/wp-content\/uploads\/2025\/11\/navrh-Mikro-2026-1.pdf\">navrh-Mikro-2026-1<\/a><a href=\"https:\/\/www.obec-stasov.cz\/wp-content\/uploads\/2025\/11\/navrh-Mikro-2026-1.pdf\" class=\"wp-block-file__button wp-element-button\" download aria-describedby=\"wp-block-file--media-27c6fd47-90d3-4691-8445-2de2381f0ecd\">St\u00e1hnout<\/a><\/div>\n\n\n\n<div class=\"wp-block-file\"><a id=\"wp-block-file--media-d07ddbef-5a80-4cc2-b364-41c549a44e57\" href=\"https:\/\/www.obec-stasov.cz\/wp-content\/uploads\/2025\/11\/navrh-Mikrovyhled-2027-2029.pdf\">navrh-Mikrovyhled-2027-2029<\/a><a href=\"https:\/\/www.obec-stasov.cz\/wp-content\/uploads\/2025\/11\/navrh-Mikrovyhled-2027-2029.pdf\" class=\"wp-block-file__button wp-element-button\" download aria-describedby=\"wp-block-file--media-d07ddbef-5a80-4cc2-b364-41c549a44e57\">St\u00e1hnout<\/a><\/div>\n\n\n\n<p>Zve\u0159ejn\u011bno: 25.11.2025 do 19.12.2025.<\/p>\n\n\n\n<p>.<\/p>\n\n\n\n<p>N\u00e1vrh rozpo\u010dtu AZASS pro rok 2026 <\/p>\n\n\n\n<div class=\"wp-block-file\"><a id=\"wp-block-file--media-b541557e-cef7-47c4-af69-2905d8a9f18c\" href=\"https:\/\/www.obec-stasov.cz\/wp-content\/uploads\/2025\/11\/SO-AZASS_rozpocet-2026-NAVRH-final.pdf\">SO-AZASS_rozpocet-2026-NAVRH-final<\/a><a href=\"https:\/\/www.obec-stasov.cz\/wp-content\/uploads\/2025\/11\/SO-AZASS_rozpocet-2026-NAVRH-final.pdf\" class=\"wp-block-file__button wp-element-button\" download aria-describedby=\"wp-block-file--media-b541557e-cef7-47c4-af69-2905d8a9f18c\">St\u00e1hnout<\/a><\/div>\n\n\n\n<p>Zve\u0159ejn\u011bno: 17.11.2025<\/p>\n\n\n\n<p>Sv\u011b\u0161eno: 3.12.2025<\/p>\n\n\n\n<p>.<\/p>\n\n\n\n<p><strong>Volby do poslaneck\u00e9 sn\u011bmovny 2025 konan\u00e9 ve dnech 3.-4.10.2025<\/strong><\/p>\n\n\n\n<p>Opis v\u00fdsledku hlasov\u00e1n\u00ed ve volebn\u00edm okrsku obce Sta\u0161ov <\/p>\n\n\n\n<div class=\"wp-block-file\"><a id=\"wp-block-file--media-e0cbc456-a44c-4826-9ae3-9893f7cd7512\" href=\"https:\/\/www.obec-stasov.cz\/wp-content\/uploads\/2025\/10\/Vysledky-voleb-do-PS-2025-Stasov.pdf\">Vysledky-voleb-do-PS-2025-Stasov<\/a><a href=\"https:\/\/www.obec-stasov.cz\/wp-content\/uploads\/2025\/10\/Vysledky-voleb-do-PS-2025-Stasov.pdf\" class=\"wp-block-file__button wp-element-button\" download aria-describedby=\"wp-block-file--media-e0cbc456-a44c-4826-9ae3-9893f7cd7512\">St\u00e1hnout<\/a><\/div>\n\n\n\n<div class=\"wp-block-file\"><a id=\"wp-block-file--media-68a61b36-845a-422b-a2d6-6f00f31a0013\" href=\"https:\/\/www.obec-stasov.cz\/wp-content\/uploads\/2025\/09\/Oznameni-volicum-o-dobe-a-miste-konani-voleb-do-Poslanecke-snemovny-Parlamentu-CR-ve-dnech-3.-a-4.-rijna-2025.pdf\">Oznameni-volicum-o-dobe-a-miste-konani-voleb-do-Poslanecke-snemovny-Parlamentu-CR-ve-dnech-3.-a-4.-rijna-2025<\/a><a href=\"https:\/\/www.obec-stasov.cz\/wp-content\/uploads\/2025\/09\/Oznameni-volicum-o-dobe-a-miste-konani-voleb-do-Poslanecke-snemovny-Parlamentu-CR-ve-dnech-3.-a-4.-rijna-2025.pdf\" class=\"wp-block-file__button wp-element-button\" download aria-describedby=\"wp-block-file--media-68a61b36-845a-422b-a2d6-6f00f31a0013\">St\u00e1hnout<\/a><\/div>\n\n\n\n<div class=\"wp-block-file\"><a id=\"wp-block-file--media-6199eced-54a0-4889-a7bf-1fd9f7aa8f93\" href=\"https:\/\/www.obec-stasov.cz\/wp-content\/uploads\/2025\/08\/Informace-o-poctu-a-sidlech-volebnich-okrsku.pdf\">Informace-o-poctu-a-sidlech-volebnich-okrsku<\/a><a href=\"https:\/\/www.obec-stasov.cz\/wp-content\/uploads\/2025\/08\/Informace-o-poctu-a-sidlech-volebnich-okrsku.pdf\" class=\"wp-block-file__button wp-element-button\" download aria-describedby=\"wp-block-file--media-6199eced-54a0-4889-a7bf-1fd9f7aa8f93\">St\u00e1hnout<\/a><\/div>\n\n\n\n<p>.<\/p>\n\n\n\n<p><strong>P\u0159ehled odpad\u016f za rok 2024<\/strong><\/p>\n\n\n\n<figure class=\"wp-block-image size-large\"><a href=\"https:\/\/www.obec-stasov.cz\/wp-content\/uploads\/2025\/09\/Snimek-obrazovky-2025-09-19-144848.jpg\"><img decoding=\"async\" loading=\"lazy\" width=\"1024\" height=\"388\" src=\"https:\/\/www.obec-stasov.cz\/wp-content\/uploads\/2025\/09\/Snimek-obrazovky-2025-09-19-144848-1024x388.jpg\" alt=\"\" class=\"wp-image-6980\" srcset=\"http:\/\/www.obec-stasov.cz\/wp-content\/uploads\/2025\/09\/Snimek-obrazovky-2025-09-19-144848-1024x388.jpg 1024w, http:\/\/www.obec-stasov.cz\/wp-content\/uploads\/2025\/09\/Snimek-obrazovky-2025-09-19-144848-300x114.jpg 300w, http:\/\/www.obec-stasov.cz\/wp-content\/uploads\/2025\/09\/Snimek-obrazovky-2025-09-19-144848-768x291.jpg 768w, http:\/\/www.obec-stasov.cz\/wp-content\/uploads\/2025\/09\/Snimek-obrazovky-2025-09-19-144848.jpg 1062w\" sizes=\"(max-width: 1024px) 100vw, 1024px\" \/><\/a><\/figure>\n\n\n\n<p><\/p>\n\n\n\n<p>Z\u00e1v\u011bre\u010dn\u00fd \u00fa\u010det Azass za rok 2024<\/p>\n\n\n\n<div class=\"wp-block-file\"><a id=\"wp-block-file--media-9e200dec-1eb2-45d9-b779-35370e479ae2\" href=\"https:\/\/www.obec-stasov.cz\/wp-content\/uploads\/2025\/05\/2024_Zaverecny-ucet-SO-AZASS-PRILOHA-1-ROZPOCET.pdf\">2024_Zaverecny-ucet-SO-AZASS-PRILOHA-1-ROZPOCET<\/a><a href=\"https:\/\/www.obec-stasov.cz\/wp-content\/uploads\/2025\/05\/2024_Zaverecny-ucet-SO-AZASS-PRILOHA-1-ROZPOCET.pdf\" class=\"wp-block-file__button wp-element-button\" download aria-describedby=\"wp-block-file--media-9e200dec-1eb2-45d9-b779-35370e479ae2\">St\u00e1hnout<\/a><\/div>\n\n\n\n<div class=\"wp-block-file\"><a id=\"wp-block-file--media-f3f8f36d-62d1-42ee-9f88-fd5014f7ba7b\" href=\"https:\/\/www.obec-stasov.cz\/wp-content\/uploads\/2025\/05\/2024_Zaverecny-ucet-SO-AZASS-PRILOHA-2-ZPRAVA-ZAVER.pdf\">2024_Zaverecny-ucet-SO-AZASS-PRILOHA-2-ZPRAVA-ZAVER<\/a><a href=\"https:\/\/www.obec-stasov.cz\/wp-content\/uploads\/2025\/05\/2024_Zaverecny-ucet-SO-AZASS-PRILOHA-2-ZPRAVA-ZAVER.pdf\" class=\"wp-block-file__button wp-element-button\" download aria-describedby=\"wp-block-file--media-f3f8f36d-62d1-42ee-9f88-fd5014f7ba7b\">St\u00e1hnout<\/a><\/div>\n\n\n\n<div class=\"wp-block-file\"><a id=\"wp-block-file--media-bf381449-4518-4162-a880-5464797b6601\" href=\"https:\/\/www.obec-stasov.cz\/wp-content\/uploads\/2025\/05\/01_2024_Zaverecny-ucet-SO-AZASS-navrh-final.pdf\">01_2024_Zaverecny-ucet-SO-AZASS-navrh-final<\/a><a href=\"https:\/\/www.obec-stasov.cz\/wp-content\/uploads\/2025\/05\/01_2024_Zaverecny-ucet-SO-AZASS-navrh-final.pdf\" class=\"wp-block-file__button wp-element-button\" download aria-describedby=\"wp-block-file--media-bf381449-4518-4162-a880-5464797b6601\">St\u00e1hnout<\/a><\/div>\n\n\n\n<p>Vyv\u011b\u0161eno: 23.5.2025<\/p>\n\n\n\n<p>.<\/p>\n\n\n\n<p>Z\u00e1v\u011bre\u010dn\u00fd \u00fa\u010det Mikroregion 2024, Pozv\u00e1nka na \u010dlenskou sch\u016fzi<\/p>\n\n\n\n<div class=\"wp-block-file\"><a id=\"wp-block-file--media-a3f7c9a5-751a-4f1c-8fed-dad7ca72d757\" href=\"https:\/\/www.obec-stasov.cz\/wp-content\/uploads\/2025\/05\/mikro-zaver-ucet-2024.pdf\">mikro-zaver-ucet-2024<\/a><a href=\"https:\/\/www.obec-stasov.cz\/wp-content\/uploads\/2025\/05\/mikro-zaver-ucet-2024.pdf\" class=\"wp-block-file__button wp-element-button\" download aria-describedby=\"wp-block-file--media-a3f7c9a5-751a-4f1c-8fed-dad7ca72d757\">St\u00e1hnout<\/a><\/div>\n\n\n\n<div class=\"wp-block-file\"><a id=\"wp-block-file--media-580772ad-da8d-4c37-bf4a-0bc804e11e63\" href=\"https:\/\/www.obec-stasov.cz\/wp-content\/uploads\/2025\/05\/pozvanka-kveten-VS-2025.doc\">pozvanka-kveten-VS-2025<\/a><a href=\"https:\/\/www.obec-stasov.cz\/wp-content\/uploads\/2025\/05\/pozvanka-kveten-VS-2025.doc\" class=\"wp-block-file__button wp-element-button\" download aria-describedby=\"wp-block-file--media-580772ad-da8d-4c37-bf4a-0bc804e11e63\">St\u00e1hnout<\/a><\/div>\n\n\n\n<p>Vyv\u011b\u0161eno dne: 13. 5. 2025<\/p>\n\n\n\n<p>Sejmuto dne: 4. 6. 2025&nbsp;<\/p>\n\n\n\n<p>.<\/p>\n\n\n\n<p>N\u00e1vrh rozpo\u010dtu AZASS pro rok 2025 a rozpo\u010dtov\u00fd v\u00fdhled<\/p>\n\n\n\n<div class=\"wp-block-file\"><a id=\"wp-block-file--media-332a4cc5-376a-4307-99a4-a6d9306457dd\" href=\"https:\/\/www.obec-stasov.cz\/wp-content\/uploads\/2024\/11\/SO-AZASS_rozpocet-2025-NAVRH-FINAL.pdf\">SO-AZASS_rozpocet-2025-NAVRH-FINAL<\/a><a href=\"https:\/\/www.obec-stasov.cz\/wp-content\/uploads\/2024\/11\/SO-AZASS_rozpocet-2025-NAVRH-FINAL.pdf\" class=\"wp-block-file__button wp-element-button\" download aria-describedby=\"wp-block-file--media-332a4cc5-376a-4307-99a4-a6d9306457dd\">St\u00e1hnout<\/a><\/div>\n\n\n\n<div class=\"wp-block-file\"><a id=\"wp-block-file--media-b0d1c645-3c01-42b3-b20c-9333e7336475\" href=\"https:\/\/www.obec-stasov.cz\/wp-content\/uploads\/2024\/11\/SO-AZASS_rozpoctovy-vyhled-2025-NAVRH-FINAL.pdf\">SO-AZASS_rozpoctovy-vyhled-2025-NAVRH-FINAL<\/a><a href=\"https:\/\/www.obec-stasov.cz\/wp-content\/uploads\/2024\/11\/SO-AZASS_rozpoctovy-vyhled-2025-NAVRH-FINAL.pdf\" class=\"wp-block-file__button wp-element-button\" download aria-describedby=\"wp-block-file--media-b0d1c645-3c01-42b3-b20c-9333e7336475\">St\u00e1hnout<\/a><\/div>\n\n\n\n<p>Vyv\u011b\u0161eno: 18.11.2024<\/p>\n\n\n\n<p>Valn\u00e9 shrom\u00e1\u017ed\u011bn\u00ed svazk\u016f obc\u00ed Mikroregionu Poli\u010dsko: <\/p>\n\n\n\n<div class=\"wp-block-file\"><a id=\"wp-block-file--media-81d68b7c-453f-49c7-ae03-0e677cbaf029\" href=\"https:\/\/www.obec-stasov.cz\/wp-content\/uploads\/2024\/11\/navrh-Mikro-2025.pdf\">navrh-Mikro-2025<\/a><a href=\"https:\/\/www.obec-stasov.cz\/wp-content\/uploads\/2024\/11\/navrh-Mikro-2025.pdf\" class=\"wp-block-file__button wp-element-button\" download aria-describedby=\"wp-block-file--media-81d68b7c-453f-49c7-ae03-0e677cbaf029\">St\u00e1hnout<\/a><\/div>\n\n\n\n<div class=\"wp-block-file\"><a id=\"wp-block-file--media-a563160b-7860-4d54-82c5-511794247d8e\" href=\"https:\/\/www.obec-stasov.cz\/wp-content\/uploads\/2024\/11\/navrh-Mikrovyhled-2026-2028.pdf\">navrh-Mikrovyhled-2026-2028<\/a><a href=\"https:\/\/www.obec-stasov.cz\/wp-content\/uploads\/2024\/11\/navrh-Mikrovyhled-2026-2028.pdf\" class=\"wp-block-file__button wp-element-button\" download aria-describedby=\"wp-block-file--media-a563160b-7860-4d54-82c5-511794247d8e\">St\u00e1hnout<\/a><\/div>\n\n\n\n<div class=\"wp-block-file\"><a id=\"wp-block-file--media-c75a357e-5d2e-4909-9b8a-3bdc6de01f9a\" href=\"https:\/\/www.obec-stasov.cz\/wp-content\/uploads\/2024\/11\/pozvanka-listopad-2024.doc\">pozvanka-listopad-2024<\/a><a href=\"https:\/\/www.obec-stasov.cz\/wp-content\/uploads\/2024\/11\/pozvanka-listopad-2024.doc\" class=\"wp-block-file__button wp-element-button\" download aria-describedby=\"wp-block-file--media-c75a357e-5d2e-4909-9b8a-3bdc6de01f9a\">St\u00e1hnout<\/a><\/div>\n\n\n\n<p>Vyv\u011b\u0161eno: 6.11.2024<\/p>\n\n\n\n<p>.<\/p>\n\n\n\n<p>Informace o zve\u0159ejn\u011bn\u00ed Mikroregion Poli\u010dsko: <\/p>\n\n\n\n<div class=\"wp-block-file\"><a id=\"wp-block-file--media-d99a4cfe-d3c3-4f35-8356-f831807b9b0a\" href=\"https:\/\/www.obec-stasov.cz\/wp-content\/uploads\/2024\/08\/informace-o-zverejneni-Mikroregion.pdf\">informace-o-zverejneni-Mikroregion<\/a><a href=\"https:\/\/www.obec-stasov.cz\/wp-content\/uploads\/2024\/08\/informace-o-zverejneni-Mikroregion.pdf\" class=\"wp-block-file__button wp-element-button\" download aria-describedby=\"wp-block-file--media-d99a4cfe-d3c3-4f35-8356-f831807b9b0a\">St\u00e1hnout<\/a><\/div>\n\n\n\n<p>.<\/p>\n\n\n\n<p><\/p>\n\n\n\n<p>AZASS z\u00e1v\u011bre\u010dn\u00fd \u00fa\u010det 2023<\/p>\n\n\n\n<div class=\"wp-block-file\"><a id=\"wp-block-file--media-df9d4b38-6973-400d-9c1b-28d4c89dd0a5\" href=\"https:\/\/www.obec-stasov.cz\/wp-content\/uploads\/2024\/06\/01_2023_Zaverecny-ucet-SO-AZASS-ROZPOCET.pdf\">01_2023_Zaverecny-ucet-SO-AZASS-ROZPOCET<\/a><a href=\"https:\/\/www.obec-stasov.cz\/wp-content\/uploads\/2024\/06\/01_2023_Zaverecny-ucet-SO-AZASS-ROZPOCET.pdf\" class=\"wp-block-file__button wp-element-button\" download aria-describedby=\"wp-block-file--media-df9d4b38-6973-400d-9c1b-28d4c89dd0a5\">St\u00e1hnout<\/a><\/div>\n\n\n\n<div class=\"wp-block-file\"><a id=\"wp-block-file--media-29aa35b4-8bd2-4f1b-b33e-69b661381fa2\" href=\"https:\/\/www.obec-stasov.cz\/wp-content\/uploads\/2024\/06\/02_2023_Zaverecny-ucet-SO-AZASS_ZPRAVA-ZAVER.pdf\">02_2023_Zaverecny-ucet-SO-AZASS_ZPRAVA-ZAVER<\/a><a href=\"https:\/\/www.obec-stasov.cz\/wp-content\/uploads\/2024\/06\/02_2023_Zaverecny-ucet-SO-AZASS_ZPRAVA-ZAVER.pdf\" class=\"wp-block-file__button wp-element-button\" download aria-describedby=\"wp-block-file--media-29aa35b4-8bd2-4f1b-b33e-69b661381fa2\">St\u00e1hnout<\/a><\/div>\n\n\n\n<p>.<\/p>\n\n\n\n<p><em><u>Informace o zve\u0159ejn\u011bn\u00ed z\u00e1v\u011bre\u010dn\u00e9ho \u00fa\u010dtu DSO Svazek obc\u00ed AZASS<\/u><\/em><\/p>\n\n\n\n<p><em>Z\u00e1v\u011bre\u010dn\u00fd \u00fa\u010det Svazku obc\u00ed AZASS za r. 2023, v\u010detn\u011b zpr\u00e1vy o v\u00fdsledku p\u0159ezkoum\u00e1n\u00ed hospoda\u0159en\u00ed, naleznete na adrese <a href=\"http:\/\/www.azass.cz\">www.azass.cz<\/a> &#8211; <\/em>ROZPO\u010cET<\/p>\n\n\n\n<p><a href=\"http:\/\/azass.cz\/?stranka=rozpocet\"><em>http:\/\/azass.cz\/?stranka=rozpocet<\/em><\/a><\/p>\n\n\n\n<p><em>Do jeho listinn\u00e9 podoby je mo\u017en\u00e9 nahl\u00e9dnout na adrese:<\/em><\/p>\n\n\n\n<p><em>Svazek obc\u00ed AZASS, Eimova 294, 572 01 Poli\u010dka, objekt E, 2. NP po p\u0159edchoz\u00ed domluv\u011b na: tel. 731 043 601, <a href=\"mailto:info@azass.cz\">info@azass.cz<\/a>&nbsp;<\/em><\/p>\n\n\n\n<p>.<\/p>\n\n\n\n<p>Mikroregion Poli\u010dsko- z\u00e1v\u011bre\u010dn\u00fd o \u010det a zpr\u00e1va o p\u0159ezkoum\u00e1n\u00ed hospoda\u0159en\u00ed 2023<\/p>\n\n\n\n<div class=\"wp-block-file\"><a id=\"wp-block-file--media-fe6ff989-9f3b-448b-9acf-e5d5feb2c70e\" href=\"https:\/\/www.obec-stasov.cz\/wp-content\/uploads\/2024\/06\/mikro-zaver-ucet-2023.pdf\">mikro-zaver-ucet-2023<\/a><a href=\"https:\/\/www.obec-stasov.cz\/wp-content\/uploads\/2024\/06\/mikro-zaver-ucet-2023.pdf\" class=\"wp-block-file__button wp-element-button\" download aria-describedby=\"wp-block-file--media-fe6ff989-9f3b-448b-9acf-e5d5feb2c70e\">St\u00e1hnout<\/a><\/div>\n\n\n\n<div class=\"wp-block-file\"><a id=\"wp-block-file--media-c763106e-6f4d-4734-b7e4-50a3183f41ca\" href=\"https:\/\/www.obec-stasov.cz\/wp-content\/uploads\/2024\/06\/vykaz-fin.pdf\">vykaz-fin<\/a><a href=\"https:\/\/www.obec-stasov.cz\/wp-content\/uploads\/2024\/06\/vykaz-fin.pdf\" class=\"wp-block-file__button wp-element-button\" download aria-describedby=\"wp-block-file--media-c763106e-6f4d-4734-b7e4-50a3183f41ca\">St\u00e1hnout<\/a><\/div>\n\n\n\n<div class=\"wp-block-file\"><a id=\"wp-block-file--media-009bed81-b59f-4905-a6dd-5abcb9491ff4\" href=\"https:\/\/www.obec-stasov.cz\/wp-content\/uploads\/2024\/06\/Zprava_konecne_prezkoumani_2023_DSO_Mikroregion_Policsko.pdf\">Zprava_konecne_prezkoumani_2023_DSO_Mikroregion_Policsko<\/a><a href=\"https:\/\/www.obec-stasov.cz\/wp-content\/uploads\/2024\/06\/Zprava_konecne_prezkoumani_2023_DSO_Mikroregion_Policsko.pdf\" class=\"wp-block-file__button wp-element-button\" download aria-describedby=\"wp-block-file--media-009bed81-b59f-4905-a6dd-5abcb9491ff4\">St\u00e1hnout<\/a><\/div>\n\n\n\n<p>Vyv\u011b\u0161eno: 2.6.2024   Sv\u011b\u0161en\u00e9 28.6.2024<\/p>\n\n\n\n<p>.<\/p>\n\n\n\n<p><\/p>\n\n\n\n<p>AZASS n\u00e1vrh rozpo\u010dtu 2024: <\/p>\n\n\n\n<div class=\"wp-block-file\"><a id=\"wp-block-file--media-7ab896e6-f040-43de-8cc4-987f9d2cf648\" href=\"https:\/\/www.obec-stasov.cz\/wp-content\/uploads\/2023\/11\/SO-AZASS_rozpocet-2024-NAVRH-final.pdf\">SO-AZASS_rozpocet-2024-NAVRH-final<\/a><a href=\"https:\/\/www.obec-stasov.cz\/wp-content\/uploads\/2023\/11\/SO-AZASS_rozpocet-2024-NAVRH-final.pdf\" class=\"wp-block-file__button wp-element-button\" download aria-describedby=\"wp-block-file--media-7ab896e6-f040-43de-8cc4-987f9d2cf648\">St\u00e1hnout<\/a><\/div>\n\n\n\n<p>Zve\u0159ejn\u011bno: 20.11.2023<\/p>\n\n\n\n<p>.<\/p>\n\n\n\n<p>Mikroregion Poli\u010dsko n\u00e1vrh rozpo\u010dtu pro rok 2024<\/p>\n\n\n\n<div class=\"wp-block-file\"><a id=\"wp-block-file--media-a6e68082-6216-4db7-b291-c74bf22331ba\" href=\"https:\/\/www.obec-stasov.cz\/wp-content\/uploads\/2023\/12\/navrh-Mikro-2024.pdf\">navrh-Mikro-2024<\/a><a href=\"https:\/\/www.obec-stasov.cz\/wp-content\/uploads\/2023\/12\/navrh-Mikro-2024.pdf\" class=\"wp-block-file__button wp-element-button\" download aria-describedby=\"wp-block-file--media-a6e68082-6216-4db7-b291-c74bf22331ba\">St\u00e1hnout<\/a><\/div>\n\n\n\n<div class=\"wp-block-file\"><a id=\"wp-block-file--media-e8fbbe2b-aab8-4e2f-a266-e9a660e0d88f\" href=\"https:\/\/www.obec-stasov.cz\/wp-content\/uploads\/2023\/12\/navrh-Mikrovyhled-2025-2027.pdf\">navrh-Mikrovyhled-2025-2027<\/a><a href=\"https:\/\/www.obec-stasov.cz\/wp-content\/uploads\/2023\/12\/navrh-Mikrovyhled-2025-2027.pdf\" class=\"wp-block-file__button wp-element-button\" download aria-describedby=\"wp-block-file--media-e8fbbe2b-aab8-4e2f-a266-e9a660e0d88f\">St\u00e1hnout<\/a><\/div>\n\n\n\n<p>vyv\u011b\u0161eno 13.11.2023, Sv\u011b\u0161eno 11.12.2023<\/p>\n\n\n\n<p>.<\/p>\n\n\n\n<p><strong>Vyj\u00e1d\u0159en\u00ed ministerstva vnitra k podan\u00e9mu podn\u011btu Podn\u011bt ke kontrole v\u00fdkonu samostatn\u00e9 p\u016fsobnosti obce Sta\u0161ov<\/strong><\/p>\n\n\n\n<div class=\"wp-block-file\"><a id=\"wp-block-file--media-9cdc6857-9e1e-4d8c-b5bc-97517346aef5\" href=\"https:\/\/www.obec-stasov.cz\/wp-content\/uploads\/2023\/09\/Sdeleni-Ministerstva-vnitra.pdf\">Sdeleni-Ministerstva-vnitra<\/a><a href=\"https:\/\/www.obec-stasov.cz\/wp-content\/uploads\/2023\/09\/Sdeleni-Ministerstva-vnitra.pdf\" class=\"wp-block-file__button wp-element-button\" download aria-describedby=\"wp-block-file--media-9cdc6857-9e1e-4d8c-b5bc-97517346aef5\">St\u00e1hnout<\/a><\/div>\n\n\n\n<p>. <\/p>\n\n\n\n<p><\/p>\n\n\n\n<p><strong>Svazek obc\u00ed MIKROREGION POLI\u010cSKO<\/strong> &#8211; Svazek obc\u00ed zve\u0159ej\u0148uje Schv\u00e1len\u00fd rozpo\u010det na rok 2023, rozpo\u010dtov\u00e1 opat\u0159en\u00ed za rok 2023, Z\u00e1v\u011bre\u010dn\u00fd \u00fa\u010det za rok 2022 a St\u0159edn\u011bdob\u00fd v\u00fdhled rozpo\u010dtu na sv\u00fdch internetov\u00fdch str\u00e1nk\u00e1ch <strong>www.mikroregion.policka.org<\/strong> v elektronick\u00e9 podob\u011b. Nahl\u00e9dnout do listinn\u00e9 podoby je mo\u017en\u00e9 v s\u00eddle svazku Palack\u00e9ho n\u00e1m\u011bst\u00ed 160, Poli\u010dka nebo na obecn\u00edch \u00fa\u0159adech \u010dlensk\u00fdch obc\u00ed.<\/p>\n\n\n\n<p>Vyv\u011b\u0161eno:15.8.2023  Sv\u011b\u0161eno 15.8.2024<\/p>\n\n\n\n<p>.<\/p>\n\n\n\n<div class=\"wp-block-file\"><a id=\"wp-block-file--media-cef19be3-1a6d-4b71-bd76-47eea4e4c561\" href=\"https:\/\/www.obec-stasov.cz\/wp-content\/uploads\/2023\/07\/Drazebni-vyhlaska_c.j.-009-EX-140814-217.pdf\">Drazebni-vyhlaska_c.j.-009-EX-140814-217<\/a><a href=\"https:\/\/www.obec-stasov.cz\/wp-content\/uploads\/2023\/07\/Drazebni-vyhlaska_c.j.-009-EX-140814-217.pdf\" class=\"wp-block-file__button wp-element-button\" download aria-describedby=\"wp-block-file--media-cef19be3-1a6d-4b71-bd76-47eea4e4c561\">St\u00e1hnout<\/a><\/div>\n\n\n\n<p><em>Vyv\u011b\u0161eno: 27.7.2023    Sv\u011b\u0161eno: 2.10.2023<\/em><\/p>\n\n\n\n<p><\/p>\n\n\n\n<p>.<\/p>\n\n\n\n<p>Svazek obc\u00ed <strong>AZASS zve\u0159ejn\u011bn\u00ed z\u00e1v. \u00fa\u010dtu SO AZASS za r. 2022<\/strong><\/p>\n\n\n\n<p><em>Vyv\u011b\u0161eno: 26.5.2023    Sv\u011b\u0161eno: 27.6.2023<\/em><\/p>\n\n\n\n<p>.<\/p>\n\n\n\n<p><strong>Mikroregion Poli\u010dsko<\/strong> &#8211; z\u00e1v\u011bre\u010dn\u00fd \u00fa\u010det, pozv\u00e1nka na sch\u016fzi VS<\/p>\n\n\n\n<p><em>Vyv\u011b\u0161eno: 23.5.2023  Sejmuto: 16.6.2023<\/em><\/p>\n\n\n\n<p><\/p>\n\n\n\n<p>.<\/p>\n\n\n\n<p>\u00da\u0158AD PRO ZASTUPOV\u00c1N\u00cd ST\u00c1TU VE V\u011aCECH MAJETKOV\u00ddCH RA\u0160\u00cdNOVO N\u00c1B\u0158E\u017d\u00cd 390\/42, 128 00 NOV\u00c9 M\u011aSTO, PRAHA 2 \u00daZEMN\u00cd PRACOVI\u0160T\u011a HRADEC KR\u00c1LOV\u00c9 ODBOR ODLOU\u010cEN\u00c9 PRACOVI\u0160T\u011a SVITAVY, MILADY HOR\u00c1KOV\u00c9 366\/6, 568 02 SVITAVY<\/p>\n\n\n\n<p>ke zve\u0159ejn\u011bn\u00ed na \u00fa\u0159edn\u00ed desce p\u0159evzat\u00e9 \u00fadaje o nemovitostech s nedostate\u010dn\u011b identifikovan\u00fdm vlastn\u00edkem se stavem ke dni 1. 2. 2023, kter\u00e9 se nach\u00e1zej\u00ed na \u00fazem\u00ed Va\u0161\u00ed obce. Seznam nemovitost\u00ed s nedostate\u010dn\u011b identifikovan\u00fdm vlastn\u00edkem, zve\u0159ejn\u011bn\u00fd na webov\u00fdch str\u00e1nk\u00e1ch \u00da\u0159adu spolu s v\u00fdzvou a informac\u00ed pro ob\u010dany: https:\/\/www.uzsvm.cz\/nedostatecne-urcite-identifikovani-vlastnici-up-hradec-kralove<\/p>\n\n\n\n<p>v t\u0159\u00edd\u011bn\u00ed podle \u00dazemn\u00edch pracovi\u0161\u0165 \u00da\u0159adu a okres\u016f, bude nad\u00e1le pravideln\u011b pololetn\u011b aktualizov\u00e1n.<\/p>\n\n\n\n<p><a href=\"http:\/\/www.obec-stasov.cz\/wp-content\/uploads\/2011\/01\/priloha_1145388828_1_Seznam-nedostate\u010dn\u011b-identifikovan\u00fdch-vlastn\u00edk\u016f-se-stavem-k-1.-2.-2023.xlsx\">priloha_1145388828_1_Seznam nedostate\u010dn\u011b identifikovan\u00fdch vlastn\u00edk\u016f se stavem k 1. 2. 2023<\/a><\/p>\n\n\n<div class=\"wp-block-image\">\n<figure class=\"aligncenter\"><a href=\"http:\/\/www.obec-stasov.cz\/wp-content\/uploads\/2011\/01\/Sn\u00edmek-obrazovky-2023-02-18-102910.jpg\"><img decoding=\"async\" loading=\"lazy\" width=\"300\" height=\"62\" src=\"http:\/\/www.obec-stasov.cz\/wp-content\/uploads\/2011\/01\/Sn\u00edmek-obrazovky-2023-02-18-102910-300x62.jpg\" alt=\"Sn\u00edmek obrazovky 2023-02-18 102910\" class=\"wp-image-5384\"\/><\/a><\/figure><\/div>\n\n\n<p>Vyv\u011b\u0161eno: 1.2.2023  Sv\u011b\u0161eno: 31.12.2023<\/p>\n\n\n\n<p>.<\/p>\n\n\n\n<p><strong>M\u011b\u00da Poli\u010dka &#8211; odbor dopravy: Ve\u0159ejn\u00e1 vyhl\u00e1\u0161ka &#8211; Opat\u0159en\u00ed obecn\u00e9 povahy &#8211; Stanoven\u00ed p\u0159echodn\u00e9 \u00fapravy provozu na pozemn\u00edch komunikac\u00edch:<\/strong><\/p>\n\n\n\n<p><a href=\"http:\/\/www.obec-stasov.cz\/wp-content\/uploads\/2011\/01\/Ve\u0159ejn\u00e1-vyhl\u00e1\u0161ka-Opat\u0159en\u00ed-obecn\u00e9-povahy-Stanoven\u00ed-p\u0159echodn\u00e9-\u00fapravy-\u00fapravy-provozu-na-pozemn\u00edch-komunikac\u00edch.pdf\">Ve\u0159ejn\u00e1 vyhl\u00e1\u0161ka- Opat\u0159en\u00ed obecn\u00e9 povahy- Stanoven\u00ed p\u0159echodn\u00e9 \u00fapravy \u00fapravy provozu na pozemn\u00edch komunikac\u00edch<\/a><\/p>\n\n\n\n<p><a href=\"http:\/\/www.obec-stasov.cz\/wp-content\/uploads\/2011\/01\/P\u0159\u00edloha-\u010d.1-N\u00e1vrh-p\u0159echodn\u00e9ho-DZ-II.a-II.t\u0159\u00eddy_2023.pdf\">P\u0159\u00edloha \u010d.1 N\u00e1vrh p\u0159echodn\u00e9ho DZ II.a II.t\u0159\u00eddy_2023<\/a><\/p>\n\n\n\n<p><em>Vyv\u011b\u0161eno: 31.12.2023  Sv\u011b\u0161eno: 31.12.2023<\/em><\/p>\n\n\n\n<p>.<\/p>\n\n\n\n<p>Mikroregion Poli\u010dsko n\u00e1vrh rozpo\u010dtu na rok 2023, n\u00e1vrh Mikrov\u00fdhled 2024-2026, Pozv\u00e1nka na sch\u016fzi valn\u00e9ho shrom\u00e1\u017ed\u011bn\u00ed 30.11.2022:<\/p>\n\n\n\n<p><em>Vyv\u011b\u0161eno: 14.11.2022  Sv\u011b\u0161eno: 31.12.2022<\/em><\/p>\n\n\n\n<p>.<\/p>\n\n\n\n<p>Svazek obc\u00ed <strong>AZASS&nbsp;<\/strong>n\u00e1vrh rozpo\u010dtu SO AZASS na r. 2023 <\/p>\n\n\n\n<p><em>Vyv\u011b\u0161eno: 08.9.2022  Sv\u011b\u0161eno: 30.10.2022<\/em><\/p>\n\n\n\n<p>.<\/p>\n\n\n\n<p>Svazek obc\u00ed <strong>Mikroregion Poli\u010dsko<\/strong> zve\u0159ej\u0148uje Schv\u00e1len\u00fd rozpo\u010det na rok 2022, rozpo\u010dtov\u00e1 opat\u0159en\u00ed na rok 2022, St\u0159edn\u011bdob\u00fd v\u00fdhled rozpo\u010dtu na sv\u00fdch internetov\u00fdch str\u00e1nk\u00e1ch <span style=\"text-decoration: underline;\">www.mikroregion.policka.org&nbsp;<\/span> v elektronick\u00e9 podob\u011b. Nahl\u00e9dnout do listinn\u00e9 podoby je mo\u017en\u00e9 v s\u00eddle svazku Palack\u00e9ho n\u00e1m\u011bst\u00ed 160, Poli\u010dka nebo na obecn\u00edch \u00fa\u0159adech \u010dlensk\u00fdch obc\u00ed<\/p>\n\n\n\n<p><em>Vyv\u011b\u0161eno: 2.1.2022   Sv\u011b\u0161eno: 31.3.2022<\/em><\/p>\n\n\n\n<p>.<\/p>\n\n\n\n<p>Svazek obc\u00ed <strong>Mikroregion Poli\u010dsko&nbsp;<\/strong>zve\u0159ej\u0148uje Schv\u00e1len\u00fd rozpo\u010det na rok 2021, rozpo\u010dtov\u00e1 opat\u0159en\u00ed na rok 2021, St\u0159edn\u011bdob\u00fd v\u00fdhled rozpo\u010dtu a Z\u00e1v\u011bre\u010dn\u00fd \u00fa\u010det za rok 2020 na sv\u00fdch internetov\u00fdch str\u00e1nk\u00e1ch www.mikroregion.policka.orgv elektronick\u00e9 podob\u011b. Nahl\u00e9dnout do listinn\u00e9 podoby je mo\u017en\u00e9 v s\u00eddle svazku Palack\u00e9ho n\u00e1m\u011bst\u00ed 160, Poli\u010dka nebo na obecn\u00edch \u00fa\u0159adech \u010dlensk\u00fdch obc\u00ed.<\/p>\n\n\n\n<p><em>Vyv\u011b\u0161eno: 22.7.2021  Sv\u011b\u0161eno: 31.8.2021<\/em><\/p>\n\n\n\n<p>.<\/p>\n\n\n\n<p><strong>\u017d\u00e1dost o zve\u0159ejn\u011bn\u00ed informace &#8211; pitn\u00e1 voda<\/strong>:&nbsp;<a href=\"http:\/\/www.obec-stasov.cz\/wp-content\/uploads\/2011\/01\/\u017d\u00e1dost-o-poskytnut\u00ed-informace-dle-z\u00e1kona-\u010d.106_1999-Sb_web.pdf\">\u017d\u00e1dost o poskytnut\u00ed informace dle z\u00e1kona \u010d.106_1999 Sb_web<\/a><\/p>\n\n\n\n<p><em>Zve\u0159ejn\u011bno: 14.7.2021  Sv\u011b\u0161eno: 31.8.2021<\/em><\/p>\n\n\n\n<p>.<\/p>\n\n\n\n<p><strong>Svazek obc\u00ed AZASS<\/strong> &#8211;&nbsp;n\u00e1vrh z\u00e1v\u011bre\u010dn\u00e9ho \u00fa\u010dtu SO AZASS za r. 2020&#8243;<\/p>\n\n\n\n<p>Vyv\u011b\u0161eno: 9.6.2021   Sv\u011b\u0161eno: 31.8.2021<\/p>\n\n\n\n<p>.<\/p>\n\n\n\n<p><strong>Mikroregion Poli\u010dsko<\/strong> -schv\u00e1len\u00fd rozpo\u010det na rok 2020, rozpo\u010dtov\u00e1 opat\u0159en\u00ed na rok 2020, St\u0159edn\u011bdob\u00fd v\u00fdhled rozpo\u010dtu a Z\u00e1v\u011bre\u010dn\u00fd \u00fa\u010det za rok 2019<\/p>\n\n\n\n<p>Svazek obc\u00ed <strong>Mikroregion Poli\u010dsko&nbsp;<\/strong>zve\u0159ej\u0148uje Schv\u00e1len\u00fd rozpo\u010det na rok 2020, rozpo\u010dtov\u00e1 opat\u0159en\u00ed na rok 2020, St\u0159edn\u011bdob\u00fd v\u00fdhled rozpo\u010dtu a Z\u00e1v\u011bre\u010dn\u00fd \u00fa\u010det za rok 2019 na sv\u00fdch internetov\u00fdch str\u00e1nk\u00e1ch <a href=\"http:\/\/www.mikroregion.policka.org\">www.mikroregion.policka.org<\/a> v&nbsp;elektronick\u00e9 podob\u011b. Nahl\u00e9dnout do listinn\u00e9 podoby je mo\u017en\u00e9 v&nbsp;s\u00eddle svazku Palack\u00e9ho n\u00e1m\u011bst\u00ed 160, Poli\u010dka nebo na obecn\u00edch \u00fa\u0159adech \u010dlensk\u00fdch obc\u00ed.<\/p>\n\n\n\n<p><em>Vyv\u011b\u0161eno 13.7.2020  Sv\u011b\u0161eno: 31.8.2020<\/em><\/p>\n\n\n\n<p>.<\/p>\n\n\n\n<p><strong>SO AZASS Z\u00e1v\u011bre\u010dn\u00fd \u00fa\u010det za rok 2019:<\/strong><\/p>\n\n\n\n<p><em>Zve\u0159ejn\u011bno dne: 24.6.2020  Sv\u011b\u0161eno: 31.8.2020<\/em><\/p>\n\n\n\n<p>.<\/p>\n\n\n\n<p>Informace o zve\u0159ejn\u011bn\u00ed schv\u00e1len\u00e9ho rozpo\u010dtu a st\u0159edn\u011bdob\u00e9ho rozpo\u010dtov\u00e9ho v\u00fdhledu Schv\u00e1len\u00fd rozpo\u010det na r. 2020 a st\u0159edn\u011bdob\u00fd v\u00fdhled rozpo\u010dtu Svazku obc\u00ed AZASS, I\u010c 68208146 v pln\u00e9m zn\u011bn\u00ed najdete na adrese: www.azass.cz \u2013 Rozpo\u010det http:\/\/azass.cz\/?stranka=rozpocet<\/p>\n\n\n\n<p>Do jejich listinn\u00e9 podoby je mo\u017en\u00e9 nahl\u00e9dnout na adrese: Svazek obc\u00ed AZASS, Eimova 294, 572 01 Poli\u010dka Kontakt: Mgr. V\u00edt \u010ce\u0161ka, tel. 731 043 601, azass@tiscali.cz<\/p>\n\n\n\n<p><em>Zve\u0159ejn\u011bno dne:&nbsp; 11.12.2019  Sv\u011b\u0161eno: 31.1.2020<\/em><\/p>\n\n\n\n<p>.<\/p>\n\n\n\n<p><strong>N\u00e1vrh rozpo\u010dtu OS AZASS na 2020<\/strong>:<\/p>\n\n\n\n<p><em>Zve\u0159ejn\u011bno dne:&nbsp; 19.11.2019  Sv\u011b\u0161eno: 31.12.2019<\/em><\/p>\n\n\n\n<p>.<\/p>\n\n\n\n<p><em><span style=\"text-decoration: underline;\"><strong>Informace o zve\u0159ejn\u011bn\u00ed z\u00e1v\u011bre\u010dn\u00e9ho \u00fa\u010dtu Svazku obc\u00ed AZASS<\/strong><\/span><\/em><\/p>\n\n\n\n<p><em>Z\u00e1v\u011bre\u010dn\u00fd \u00fa\u010det Svazku obc\u00ed AZASS za r. 2018, v\u010detn\u011b zpr\u00e1vy o v\u00fdsledku p\u0159ezkoum\u00e1n\u00ed hospoda\u0159en\u00ed, naleznete na adrese&nbsp;<\/em><em><a href=\"http:\/\/www.azass.cz\/\" target=\"_blank\" rel=\"noopener\">www.azass.cz<\/a>&nbsp;&#8211; ROZPO\u010cET<\/em><\/p>\n\n\n\n<p><em>Zve\u0159ejn\u011bno dne:&nbsp; 7.6.2019<\/em><\/p>\n\n\n\n<p>.<\/p>\n\n\n\n<p><strong>Mikroregion Poli\u010dsko &#8211;<\/strong>&nbsp;pozv\u00e1n\u00ed na valn\u00e9 shrom\u00e1\u017ed\u011bn\u00ed do Poli\u010dky ve st\u0159edu&nbsp;<strong>12. 6. 2019 od 14:30 hodin<\/strong>&nbsp;ve velk\u00e9 zasedac\u00ed m\u00edstnosti M\u011bstsk\u00e9ho \u00fa\u0159adu Poli\u010dka.<\/p>\n\n\n\n<p>Vyv\u011b\u0161eno 27.5.2019 Sv\u011b\u0161eno: 12.6.2019<\/p>\n\n\n\n<p>.<\/p>\n\n\n\n<p><strong>N\u00e1vrh z\u00e1v\u011bre\u010dn\u00e9ho \u00fa\u010dtu SO AZASS za r. 2018<\/strong>: <\/p>\n\n\n\n<p>Vyv\u011b\u0161eno 21.5.2019 Sv\u011b\u0161eno: 25.6.2019<\/p>\n\n\n\n<p>.<\/p>\n\n\n\n<p><strong>Informace volebn\u00edm stran\u00e1m:&nbsp;<\/strong><\/p>\n\n\n\n<p>Vyv\u011b\u0161eno: 8.4.2019, Sv\u011b\u0161eno 25.5.2019<\/p>\n\n\n\n<p>.<\/p>\n\n\n\n<p><strong>Pozv\u00e1nka na valn\u00e9 shrom\u00e1\u017ed\u011bn\u00ed Mikroregionu <\/strong>Poli\u010dsko 3.12. 2018 ve 14:30 v zasedac\u00ed m\u00edstnosti M\u011b\u00da Poli\u010dka:&nbsp;<\/p>\n\n\n\n<p>Vyv\u011b\u0161eno: 20.11.2018 Sv\u011b\u0161eno: 31.12.2018<\/p>\n\n\n\n<p><\/p>\n\n\n\n<p><strong>Mikroregion N\u00e1vrh rozpo\u010dtu pro rok 2019 a v\u00fdhledu 2020 &#8211;<\/strong> 2022:&nbsp;<\/p>\n\n\n\n<p>Vyv\u011b\u0161eno: 16.11.2018 Sv\u011b\u0161eno: 30.1.2019<\/p>\n\n\n\n<p><\/p>\n\n\n\n<p>V\u00fdzva RU ke kontrole n\u00e1vrhu hlasovac\u00edch l\u00edstk\u016f:&nbsp; <a href=\"http:\/\/www.obec-stasov.cz\/wp-content\/uploads\/2011\/01\/Vyzva_RU_ke_kontrole_navrhu_HL.pdf\">Vyzva_RU_ke_kontrole_navrhu_HL<\/a><\/p>\n\n\n\n<figure class=\"wp-block-image\"><a href=\"http:\/\/www.obec-stasov.cz\/wp-content\/uploads\/2011\/01\/Publicita-Sta\u0161ov.png\"><img decoding=\"async\" loading=\"lazy\" width=\"602\" height=\"803\" src=\"http:\/\/www.obec-stasov.cz\/wp-content\/uploads\/2011\/01\/Publicita-Sta\u0161ov.png\" alt=\"Publicita Sta\u0161ov\" class=\"wp-image-3441\" srcset=\"http:\/\/www.obec-stasov.cz\/wp-content\/uploads\/2011\/01\/Publicita-Sta\u0161ov.png 602w, http:\/\/www.obec-stasov.cz\/wp-content\/uploads\/2011\/01\/Publicita-Sta\u0161ov-224x300.png 224w\" sizes=\"(max-width: 602px) 100vw, 602px\" \/><\/a><\/figure>\n\n\n\n<p><strong>Volby 2018 Informace volebn\u00edm stran\u00e1m:<\/strong><\/p>\n\n\n\n<p>Vyv\u011b\u0161eno: 1.8.2018 Sv\u011b\u0161eno: 30.11.2018<\/p>\n\n\n\n<p><\/p>\n\n\n\n<p><strong>MU Poli\u010dka VE\u0158EJN\u00c1 VYHL\u00c1\u0160KA Opat\u0159en\u00ed obecn\u00e9 povahy p\u0159i nedostatku vody:<\/strong><\/p>\n\n\n\n<p>Vyv\u011b\u0161eno: 25.7.2018, Sv\u011b\u0161eno: 30:11.2018<\/p>\n\n\n\n<p><\/p>\n\n\n\n<p><strong>Mikroregion Poli\u010dsko informace o zve\u0159ejn\u011bn\u00ed:<\/strong><\/p>\n\n\n\n<p>Vyv\u011b\u0161eno: 17.12.2017, Sv\u011b\u0161eno: 30.1.2018<\/p>\n\n\n\n<p><\/p>\n\n\n\n<p><strong>Ozn\u00e1men\u00ed voli\u010d\u016fm o dob\u011b a m\u00edst\u011b kon\u00e1n\u00ed voleb 2018:&nbsp;<\/strong><\/p>\n\n\n\n<p>Vyv\u011b\u0161eno: 17.12.2017, Sv\u011b\u0161eno: 31.12.2017<\/p>\n\n\n\n<p><\/p>\n\n\n\n<p>SO_AZASS: <\/p>\n\n\n\n<p>Vyv\u011b\u0161eno: 2.12.2017, Sv\u011b\u0161eno: 31.3.2018<\/p>\n\n\n\n<p><\/p>\n\n\n\n<p><strong>N\u00e1vrh rozpo\u010dtu AZASS&nbsp;na r. 2018<\/strong> a nov\u011b tak\u00e9 rozpo\u010dtov\u00e9ho v\u00fdhledu 2019: <\/p>\n\n\n\n<p>Vyv\u011b\u0161eno: 14.11.2017, Sv\u011b\u0161eno: 31.3.2018<\/p>\n\n\n\n<p><\/p>\n\n\n\n<p><span style=\"color: #1f497d;\">V<strong>aln\u00e9 shrom\u00e1\u017ed\u011bn\u00ed Mikroregionu Poli\u010dsko,<\/strong> kter\u00e9 se uskute\u010dn\u00ed <strong>ve st\u0159edu 29. listopadu v16:00<\/strong> v&nbsp;zasedac\u00ed m\u00edstnosti M\u011b\u00da Poli\u010dka:<\/span><\/p>\n\n\n\n<p>Vyv\u011b\u0161eno: 14.11.2017, Sv\u011b\u0161eno: 31.3.2018<\/p>\n\n\n\n<p><\/p>\n\n\n\n<p><strong>Ozn\u00e1men\u00ed o zve\u0159ejn\u011bn\u00ed dokument\u016f Mikroregionu Poli\u010dsko:<\/strong><\/p>\n\n\n\n<p>Vyv\u011b\u0161eno: 30.7.2017, Sv\u011b\u0161eno 30.8.2017<\/p>\n\n\n\n<p><\/p>\n\n\n\n<p><strong>N\u00e1vrh z\u00e1v\u011bre\u010dn\u00e9ho \u00fa\u010dtu SO AZASS:<\/strong>&nbsp;<\/p>\n\n\n\n<p>Vyv\u011b\u0161eno: 18.5.2017, Sv\u011b\u0161eno 30.8.2017<\/p>\n\n\n\n<p><\/p>\n\n\n\n<p><strong>Zpr\u00e1va o v\u00fdsledku p\u0159ezkoum\u00e1n\u00ed hospoda\u0159en\u00ed obce za rok 2016:<\/strong>&nbsp;<a href=\"http:\/\/www.obec-stasov.cz\/wp-content\/uploads\/2011\/01\/Zpr%C3%A1va-o-v%C3%BDsledku-p%C5%99ezkoum%C3%A1n%C3%AD-hospoda%C5%99en%C3%AD-za-rok-2016-p%C5%99%C3%ADloha-%C4%8D.-2.pdf\">Zpr\u00e1va o v\u00fdsledku p\u0159ezkoum\u00e1n\u00ed hospoda\u0159en\u00ed za rok 2016 \u2013 p\u0159\u00edloha \u010d. 2<\/a>,&nbsp;<a href=\"http:\/\/www.obec-stasov.cz\/wp-content\/uploads\/2011\/01\/Z%C3%A1v%C4%9Bre%C4%8Dn%C3%BD-%C3%BA%C4%8Det-za-rok-2016.pdf\">Z\u00e1v\u011bre\u010dn\u00fd \u00fa\u010det za rok 2016<\/a>,&nbsp;<a href=\"http:\/\/www.obec-stasov.cz\/wp-content\/uploads\/2011\/01\/V%C3%BDkaz-pro-hodnocen%C3%AD-pln%C4%9Bn%C3%AD-rozpo%C4%8Dtu-%C3%9ASC-p%C5%99%C3%ADloha-%C4%8D.1.pdf\">V\u00fdkaz pro hodnocen\u00ed pln\u011bn\u00ed rozpo\u010dtu \u00daSC \u2013 p\u0159\u00edloha \u010d.1<\/a><\/p>\n\n\n\n<p>Vyv\u011b\u0161eno: 10.5.2017 (schv\u00e1leno 2.5.2017 \u010d. usnesen\u00ed 25)<\/p>\n\n\n\n<p><strong>Zpr\u00e1va o v\u00fdsledku p\u0159ezkoum\u00e1n\u00ed hospoda\u0159en\u00ed obce za rok 2016<\/strong>:&nbsp;<a href=\"http:\/\/www.obec-stasov.cz\/wp-content\/uploads\/2011\/01\/Zpr\u00e1va-o-v\u00fdsledku-p\u0159ezkoum\u00e1n\u00ed-hospoda\u0159en\u00ed-za-rok-2016-p\u0159\u00edloha-\u010d.-2.pdf\">Zpr\u00e1va o v\u00fdsledku p\u0159ezkoum\u00e1n\u00ed hospoda\u0159en\u00ed za rok 2016 &#8211; p\u0159\u00edloha \u010d. 2<\/a>,&nbsp;<a href=\"http:\/\/www.obec-stasov.cz\/wp-content\/uploads\/2011\/01\/Z\u00e1v\u011bre\u010dn\u00fd-\u00fa\u010det-za-rok-2016.pdf\">Z\u00e1v\u011bre\u010dn\u00fd \u00fa\u010det za rok 2016<\/a>,&nbsp;<a href=\"http:\/\/www.obec-stasov.cz\/wp-content\/uploads\/2011\/01\/V\u00fdkaz-pro-hodnocen\u00ed-pln\u011bn\u00ed-rozpo\u010dtu-\u00daSC-p\u0159\u00edloha-\u010d.1.pdf\">V\u00fdkaz pro hodnocen\u00ed pln\u011bn\u00ed rozpo\u010dtu \u00daSC &#8211; p\u0159\u00edloha \u010d.1<\/a><\/p>\n\n\n\n<p>Vyv\u011b\u0161eno: 10.4.2017 Sv\u011b\u0161eno: 10.7.2017<\/p>\n\n\n\n<p><\/p>\n\n\n\n<p><strong>Dobrovoln\u00e9 svazky obc\u00ed a m\u011bst <\/strong>&#8211; povinn\u011b zve\u0159ej\u0148ovan\u00e9 informace:<\/p>\n\n\n\n<p>Vyv\u011b\u0161eno: 21.3.2017, Sv\u011b\u0161eno: 21.5.2017<\/p>\n\n\n\n<p><strong>Informace o zve\u0159ejn\u011bn\u00ed SO AZASS 2017&nbsp;<\/strong><\/p>\n\n\n\n<p>Vyv\u011b\u0161eno: 21.3.2017, Sv\u011b\u0161eno: 21.5.20217<\/p>\n\n\n\n<p><strong>Svazek obc\u00ed Mikroregion Poli\u010dsko rozpo\u010det na rok 2017<\/strong>:&nbsp;<\/p>\n\n\n\n<p>Vyv\u011b\u0161eno: 22.2.2017, Sv\u011b\u0161eno: 22.2.2018<\/p>\n\n\n\n<p><\/p>\n\n\n\n<p><strong>N\u00e1vrh rozpo\u010dtu svazku obci AZASS<\/strong>: &nbsp;<\/p>\n\n\n\n<p>Vyv\u011b\u0161eno: 18.11.2016, Sv\u011b\u0161eno: 31.12.2016<\/p>\n\n\n\n<p><\/p>\n\n\n\n<p><strong>N\u00e1vrh rozpo\u010dtu obce Sta\u0161ov pro rok 2017<\/strong>: <a href=\"http:\/\/www.obec-stasov.cz\/wp-content\/uploads\/2011\/01\/N\u00c1VRH-ROZPO\u010cTU-PRO-ROK-2017.pdf\">N\u00c1VRH ROZPO\u010cTU PRO ROK 2017<\/a><\/p>\n\n\n\n<p>Vyv\u011b\u0161eno: 18.11.2016, &nbsp;Sv\u011b\u0161eno: 30.12.2016<\/p>\n\n\n\n<p><\/p>\n\n\n\n<p><strong>valn\u00e9 shrom\u00e1\u017ed\u011bn\u00ed Mikroregionu + n\u00e1vrh rozpo\u010dtu pro rok 2017 <\/strong><\/p>\n\n\n\n<p>Vyv\u011b\u0161eno: 14.11.2016 Sv\u011b\u0161eno: 30.11.2016<\/p>\n\n\n\n<p><\/p>\n\n\n\n<p><strong>Odstran\u011bn\u00ed nevyhovuj\u00edc\u00ed kvality pitn\u00e9 vody III<\/strong><\/p>\n\n\n\n<p>Vyv\u011b\u0161eno: 2.6.2016, Sv\u011b\u0161eno: 30.7.2016<\/p>\n\n\n\n<p><\/p>\n\n\n\n<p><strong>Zpr\u00e1va o v\u00fdsledku p\u0159ezkoum\u00e1n\u00ed hospoda\u0159en\u00ed obce Sta\u0161ov za rok 2015:<\/strong> <a href=\"http:\/\/www.obec-stasov.cz\/wp-content\/uploads\/2011\/01\/Zpr\u00e1va-o-v\u00fdsledku-p\u0159ezkoum\u00e1n\u00ed-hospoda\u0159en\u00ed-za-rok-2015-p\u0159\u00edloha-2.pdf\">Zpr\u00e1va o v\u00fdsledku p\u0159ezkoum\u00e1n\u00ed hospoda\u0159en\u00ed za rok 2015 + p\u0159\u00edloha 2<\/a>, <a href=\"http:\/\/www.obec-stasov.cz\/wp-content\/uploads\/2011\/01\/P\u0159\u00edloha-\u010d.1-zpr\u00e1vy-o-v\u00fdsledku-p\u0159ezkoum\u00e1n\u00ed-hospoda\u0159en\u00ed-za-rok-2015.pdf\">P\u0159\u00edloha \u010d.1 zpr\u00e1vy o v\u00fdsledku p\u0159ezkoum\u00e1n\u00ed hospoda\u0159en\u00ed za rok 2015<\/a><\/p>\n\n\n\n<p>Vyv\u011b\u0161eno: 10.5.2015, Sv\u011b\u0161eno: 30.7.2016<\/p>\n\n\n\n<p><\/p>\n\n\n\n<p><strong>Z\u00e1v\u011bre\u010dn\u00fd \u00fa\u010det obce Sta\u0161ov za rok 2015<\/strong>: <a href=\"http:\/\/www.obec-stasov.cz\/wp-content\/uploads\/2011\/01\/Z\u00e1v\u011bre\u010dn\u00fd-\u00fa\u010det-obce-Sta\u0161ov-za-rok-2015.pdf\">Z\u00e1v\u011bre\u010dn\u00fd \u00fa\u010det obce Sta\u0161ov za rok 2015<\/a><\/p>\n\n\n\n<p>Vyv\u011b\u0161eno: 10.5.2015, Sv\u011b\u0161eno: 30.7.2016<\/p>\n\n\n\n<p><\/p>\n\n\n\n<p><strong>N\u00e1vrh rozpo\u010dtu SO AZASS na rok 2016: <\/strong>06_2016_rozpocet_SO_AZASS_NAVRH<\/p>\n\n\n\n<p>Vyv\u011b\u0161eno: 30.11.2015, Sv\u011b\u0161eno:30.12.2015<\/p>\n\n\n\n<p><\/p>\n\n\n\n<p><strong>N\u00e1vrh rozpo\u010dtu obce Sta\u0161ov pro rok 2016: <\/strong><\/p>\n\n\n\n<p>Vyv\u011b\u0161eno: 20.11.2015, Sv\u011b\u0161eno:30.12.2015<\/p>\n\n\n\n<p><\/p>\n\n\n\n<p><strong>Kompost\u00e9ry pro obec Sta\u0161ov: <\/strong>V\u00fdzva k pod\u00e1n\u00ed nab\u00eddky,&nbsp; Zad\u00e1vac\u00ed dokumentace,&nbsp;P1_Kryci list nabidky, P2_Technicka specifikace, P3_Prohlaseni o splneni zakladni kvalifikace, P4_Navrh kupni smlouvy, P6_Cestne_prohlaseni o splneni ekonomicke a financni zpusobilosti,<\/p>\n\n\n\n<p>Vyv\u011b\u0161eno: 12.6.2015 &nbsp;Sv\u011b\u0161eno:30.7.2015<\/p>\n\n\n\n<p><\/p>\n\n\n\n<p>Z\u00e1v\u011bre\u010dn\u00fd \u00fa\u010det SO AZASS:<\/p>\n\n\n\n<p>Vyv\u011b\u0161eno: 1.6.2015&nbsp; Sv\u011b\u0161eno: 30.7.2015<\/p>\n\n\n\n<p><\/p>\n\n\n\n<p><strong>Z\u00e1v\u011bre\u010dn\u00fd \u00fa\u010det obce Sta\u0161ov za rok 2014: <\/strong>Z\u00e1v\u011bre\u010dn\u00fd \u00fa\u010det za rok 2014<\/p>\n\n\n\n<p>Zpr\u00e1va o v\u00fdsledku p\u0159ezkoum\u00e1n\u00ed &nbsp;hospoda\u0159en\u00ed obce Sta\u0161ov za rok 2014:<\/p>\n\n\n\n<p>Vyv\u011b\u0161eno: 20.5.2015 Sv\u011b\u0161eno: 30.7.2015<\/p>\n\n\n\n<p>Mikroregion Poli\u010dsko:<span style=\"color: #000000;\"> pozv\u00e1nka, z\u00e1v\u011bre\u010dn\u00fd \u00fa\u010det 2014&nbsp;a zpr\u00e1va o p\u0159ezkumu<\/span><\/p>\n\n\n\n<p>Vyv\u011b\u0161eno: 18.5.2015 Sv\u011b\u0161eno: 3.6.2015<\/p>\n\n\n\n<p>St\u00e1tn\u00ed pozemkov\u00fd \u00fa\u0159ad &#8211; zve\u0159ejn\u011bn\u00ed nab\u00eddky pozemk\u016f k pron\u00e1jmu:&nbsp;275987562 Sta\u0161ov pozemky<\/p>\n\n\n\n<p>Vyv\u011b\u0161eno: 6.5.2015, Sv\u011b\u0161eno: bude 5.8.2015<\/p>\n\n\n\n<p>Ve\u0159ejn\u00e1 vyhl\u00e1\u0161ka &#8211; ozn\u00e1men\u00ed zah\u00e1jen\u00ed projedn\u00e1v\u00e1n\u00ed n\u00e1vrhu zpr\u00e1vy o uplat\u0148ov\u00e1n\u00ed \u00dazemn\u00edho pl\u00e1nu Sta\u0161ov:<\/p>\n\n\n\n<p>Vyv\u011b\u0161eno: 5.5.2015 Sv\u011b\u0161eno:5.8.2015<\/p>\n\n\n\n<p>let\u00e1k VPP-OP LZZ za rok 2014<\/p>\n\n\n\n<p>Vyv\u011b\u0161eno: 6.1.2015, Sv\u011b\u0161eno: bude 30.6.2015<\/p>\n\n\n\n<p>N\u00e1vrh rozpo\u010dtu AZASS 2015<\/p>\n\n\n\n<p>Vyv\u011b\u0161eno: 24.11.2014, Sv\u011b\u0161eno: 30.12.2014<\/p>\n\n\n\n<p><strong>N\u00e1vrh rozpo\u010dtu obce Sta\u0161ov pro rok 2015<\/strong><\/p>\n\n\n\n<p>Vyv\u011b\u0161eno: 24.11.2014, Sv\u011b\u0161eno: 30.12.2014<\/p>\n\n\n\n<p><strong>Valn\u00e9 shrom\u00e1\u017ed\u011bn\u00ed Mikroregionu Poli\u010dsko<\/strong><\/p>\n\n\n\n<p>valn\u00e9 shrom\u00e1\u017ed\u011bn\u00ed Mikroregionu Poli\u010dsko<\/p>\n\n\n\n<p>Vyv\u011b\u0161eno 10.11.2014, Sv\u011b\u0161eno: 15.12.2014<\/p>\n\n\n\n<p><strong>Odstran\u011bn\u00ed nevyhovuj\u00edc\u00ed kvality pitn\u00e9 vody v obci Sta\u0161ov II etapa<\/strong><\/p>\n\n\n\n<p>Vyv\u011b\u0161eno:20.6.2014, &nbsp;Sv\u011b\u0161eno: 20.7.2014<\/p>\n\n\n\n<p><strong>Z\u00e1v\u011bre\u010dn\u00fd \u00fa\u010det SO AZASS<\/strong><\/p>\n\n\n\n<p>Vyv\u011b\u0161eno: 23.5.2014 Sv\u011b\u0161eno: 23.6.2014<\/p>\n\n\n\n<p><\/p>\n\n\n\n<p><strong>N\u00e1vrh z\u00e1v\u011bre\u010dn\u00e9ho \u00fa\u010dtu obce Sta\u0161ov za rok 2013:&nbsp;<\/strong><\/p>\n\n\n\n<p>Vyv\u011b\u0161eno: 15.5.2014 Sv\u011b\u0161eno: 30.6.2014<br><strong><strong>Podpora meziobecn\u00ed spolupr\u00e1ce &#8211; <\/strong><\/strong>r\u00e1di bychom V\u00e1s cht\u011bli informovat o zah\u00e1jen\u00ed projektu Podpora meziobecn\u00ed spolupr\u00e1ce (reg. \u010d. CZ.1.04\/4.1.00\/B8.00001) na \u00fazem\u00ed spr\u00e1vn\u00ed obvodu obce s&nbsp;roz\u0161\u00ed\u0159enou p\u016fsobnost\u00ed (SO ORP) Poli\u010dka. Tento projekt, jeho\u017e nositelem je Svaz m\u011bst a obc\u00ed \u010cR a smluvn\u00edm partnerem v&nbsp;regionu je m\u011bsto Bystr\u00e9, v&nbsp;sou\u010dasn\u00e9 dob\u011b startuje ve170 SO ORP v&nbsp;cel\u00e9 \u010cesk\u00e9 republice (tj. 83% v\u0161ech SO ORP).<\/p>\n\n\n\n<p>C\u00edlem projektu je podpo\u0159it meziobecn\u00ed spolupr\u00e1ci v&nbsp;\u00fazem\u00ed a nal\u00e9zt spole\u010dnou \u0159e\u010d ve t\u0159ech povinn\u00fdch oblastech (mate\u0159sk\u00e9 a z\u00e1kladn\u00ed \u0161kolstv\u00ed, soci\u00e1ln\u00ed slu\u017eby a nakl\u00e1d\u00e1n\u00ed s&nbsp;odpady) a jedn\u00e9 voliteln\u00e9 (takov\u00e9, kter\u00e1 je v&nbsp;regionu relevantn\u00ed k&nbsp;\u0159e\u0161en\u00ed). M\u011bl by v\u00e9st ke zkvalitn\u011bn\u00ed ve\u0159ejn\u00e9 spr\u00e1vy a jej\u00edmu udr\u017een\u00ed co nejbl\u00ed\u017ee ob\u010dan\u016fm. Nam\u00edsto administrativn\u00edho \u010di n\u00e1siln\u00e9ho slu\u010dov\u00e1n\u00ed obc\u00ed, podporuje vznik svazk\u016f obc\u00ed &#8222;zezdola&#8220;, podle jejich m\u00edstn\u00edch pot\u0159eb a p\u0159\u00e1n\u00ed.<\/p>\n\n\n\n<p><\/p>\n\n\n\n<p><strong>N\u00e1vrh rozpo\u010dtu obce Sta\u0161ov pro rok 2014&nbsp;<\/strong><\/p>\n\n\n\n<p>Vyv\u011b\u0161eno: 15.11.2013 &nbsp;Sv\u011b\u0161eno 12.12.2013<\/p>\n\n\n\n<p><strong><strong>N\u00e1vrh rozpo\u010dtu AZASS pro 2014&nbsp;&#8211; <\/strong><\/strong><\/p>\n\n\n\n<p>Vyv\u011b\u0161eno: 22.11.2013&nbsp; Sv\u011b\u0161eno: 26.12.2013<\/p>\n\n\n\n<p><strong><strong>Valn\u00e9 shrom\u00e1\u017ed\u011bn\u00ed Mikroregionu Poli\u010dsko<\/strong><\/strong><\/p>\n\n\n\n<p><strong><span style=\"text-decoration: underline;\">ve&nbsp;st\u0159edu 4. 12. 2013<\/span><\/strong><\/p>\n\n\n\n<p><strong><span style=\"text-decoration: underline;\"> od 14:15 hod v zasedac\u00ed m\u00edstnosti M\u011b\u00da Poli\u010dka <\/span><\/strong><\/p>\n\n\n\n<p>Na programu jedn\u00e1n\u00ed valn\u00e9ho shrom\u00e1\u017ed\u011bn\u00ed Mikroregionu Poli\u010dsko bude:<\/p>\n\n\n\n<p>Schv\u00e1len\u00ed nav\u00fd\u0161en\u00ed p\u0159\u00edsp\u011bvku pro MAS Poli\u010dsko pro rok 2014<\/p>\n\n\n\n<p>N\u00e1vrh rozpo\u010dtu svazku na rok 2014 a jeho schv\u00e1len\u00ed<\/p>\n\n\n\n<p>Rozpo\u010dtov\u00fd v\u00fdhled svazku na roky 2015-2017 a jeho schv\u00e1len\u00ed<\/p>\n\n\n\n<p>Zhodnocen\u00ed dotac\u00ed roku 2013<\/p>\n\n\n\n<p>Pl\u00e1novan\u00e9 dotace pro rok 2014<\/p>\n\n\n\n<p>R\u016fzn\u00e9<\/p>\n\n\n\n<p>Pozv\u00e1nka na jedn\u00e1n\u00ed a n\u00e1vrh rozpo\u010dtu svazku mus\u00ed b\u00fdt zve\u0159ejn\u011bny 15dn\u016f p\u0159ed jedn\u00e1n\u00edm valn\u00e9ho shrom\u00e1\u017ed\u011bn\u00ed na \u00fa\u0159edn\u00edch desk\u00e1ch (i elektronick\u00fdch) v\u0161ech \u010dlensk\u00fdch obc\u00ed.<\/p>\n\n\n\n<p>Vyv\u011b\u0161eno: 13.11.2013&nbsp; Sv\u011b\u0161eno: 13.12.2013<\/p>\n\n\n\n<p><strong><strong>Pardubick\u00fd kraj &#8211; Ve\u0159ejn\u00e1 vyhl\u00e1\u0161ka &#8211; Z\u00c1SADY \u00daZEMN\u00cdHO ROZVOJE PARDUBICK\u00c9HO KRAJE &#8211; AKTUALIZACE \u010c.1 : <\/strong><\/strong><\/p>\n\n\n\n<p>Vyv\u011b\u0161eno: 31.10.2013&nbsp; Sv\u011b\u0161eno: 13.12.2013<\/p>\n\n\n\n<p><strong><strong>Katastr\u00e1ln\u00ed \u00fa\u0159ad pro Pardubick\u00fd kraj- <\/strong><\/strong>Vyhl\u00e1\u0161en\u00ed platnosti obnoven\u00e9ho katastr\u00e1ln\u00edho oper\u00e1tu v \u010d\u00e1sti katastr\u00e1ln\u00edho \u00fazem\u00ed Sta\u0161ov:<\/p>\n\n\n\n<p>Vyv\u011b\u0161eno: 17.9.2013&nbsp; Sv\u011b\u0161eno: 6.11.2013<\/p>\n\n\n\n<p><strong>Z\u00e1v\u011bre\u010dn\u00fd \u00fa\u010det SO AZASS za r. 2012 <\/strong><\/p>\n\n\n\n<p>&#8211; n\u00e1vrh Z\u00e1v\u011bre\u010dn\u00e9ho \u00fa\u010dtu SO AZASS za rok 2012<\/p>\n\n\n\n<p><strong>&#8211; <\/strong>p\u0159\u00edloha \u010d. 1 n\u00e1vrhu Z\u00e1v\u011bre\u010dn\u00e9ho \u00fa\u010dtu za rok 2012 &#8211; &nbsp;\u00dadaje o pln\u011bn\u00ed p\u0159\u00edjm\u016f a v\u00fddaj\u016f<\/p>\n\n\n\n<p>&#8211; p\u0159\u00edloha \u010d. 2 n\u00e1vrhu Z\u00e1v\u011bre\u010dn\u00e9ho \u00fa\u010dtu za rok 2012 &#8211; Zpr\u00e1va o p\u0159ezkoum\u00e1n\u00ed hospoda\u0159en\u00ed za r. 2012<\/p>\n\n\n\n<p>&#8211; informace o m\u00edstu a dob\u011b kon\u00e1n\u00ed valn\u00e9 hromady &#8211; \u010dlensk\u00e9 sch\u016fze SO AZASS dne 12.6.2013<\/p>\n\n\n\n<p>Vyv\u011b\u0161eno: 28.5.2013&nbsp; Sv\u011b\u0161eno: 12.6.2013<\/p>\n\n\n\n<p><strong><strong>Mikroregion Poli\u010dsko &#8211; <\/strong><\/strong>pozv\u00e1nka na sch\u016fzi, p\u0159edlo\u017een\u00ed z\u00e1v\u011bre\u010dn\u00e9ho \u00fa\u010dtu za rok 2012&nbsp;a zpr\u00e1va auditora<\/p>\n\n\n\n<p>Vyv\u011b\u0161eno: 20.5.2013&nbsp;&nbsp;&nbsp;&nbsp; Sv\u011b\u0161eno: 30.6.2013<\/p>\n\n\n\n<p><strong><strong>N\u00e1vrh z\u00e1v\u011bre\u010dn\u00e9ho \u00fa\u010dtu obce Sta\u0161ov pro rok 2012: <\/strong><\/strong><\/p>\n\n\n\n<p>Vyv\u011b\u0161eno: 10.5.2013&nbsp; Sv\u011b\u0161eno: 20.10.2013<\/p>\n\n\n\n<p><strong><strong>Zpr\u00e1va o v\u00fdsledku p\u0159ezkoum\u00e1n\u00ed hospoda\u0159en\u00ed obce Sta\u0161ov za rok 2013<\/strong><\/strong><\/p>\n\n\n\n<p>Vyv\u011b\u0161eno: 10.5.2013&nbsp;&nbsp;&nbsp; Sv\u011b\u0161eno: 15.6.2013<\/p>\n\n\n\n<p><strong><strong>Obecn\u011b z\u00e1vazn\u00e1 vyhl\u00e1\u0161ka obce Sta\u0161ov 1\/2012&nbsp;o m\u00edstn\u00edm poplatku za provoz syst\u00e9mu shroma\u017e\u010fov\u00e1n\u00ed, sb\u011bru, p\u0159epravy, t\u0159\u00edd\u011bn\u00ed, vyu\u017e\u00edv\u00e1n\u00ed a odstra\u0148ov\u00e1n\u00ed komun\u00e1ln\u00edch odpad\u016f <\/strong><\/strong><\/p>\n\n\n\n<p>Vyv\u011b\u0161eno: 13.12.2012&nbsp;&nbsp; Sv\u011b\u0161eno: 1.1:2013<\/p>\n\n\n\n<p><strong><strong>N\u00e1vrh rozpo\u010dtu obce Sta\u0161ov pro rok 2013 &#8211; <\/strong><\/strong>schv\u00e1len dne 13.12.2013<\/p>\n\n\n\n<p>Vyv\u011b\u0161eno: 10.12.2012&nbsp;&nbsp;&nbsp; Sv\u011b\u0161eno:31.1:2013<\/p>\n\n\n\n\n\n\n\n<p><strong><strong>Svazek obc\u00ed AZZAS &#8211; n\u00e1vrh rozpo\u010dtu pro rok 2013 <\/strong><\/strong><\/p>\n\n\n\n<p>Vyv\u011b\u0161eno: 13.11.2012&nbsp; Sv\u011b\u0161eno: 13.12.2012<\/p>\n\n\n\n<p><strong><strong>Zpr\u00e1va o v\u00fdsledku p\u0159ezkoum\u00e1n\u00ed hospoda\u0159en\u00ed obce Sta\u0161ov za rok 2011 <\/strong><\/strong><\/p>\n\n\n\n<p>Vyv\u011b\u0161eno: 18.5.2012&nbsp;&nbsp;&nbsp;&nbsp;&nbsp;&nbsp;Sv\u011b\u0161eno: 30.6.2012<\/p>\n\n\n\n<p><strong>N\u00e1vrh z\u00e1v\u011bre\u010dn\u00e9ho \u00fa\u010dtu za rok 2011&nbsp;a v\u00fdkaz FIN 12_2011 <\/strong><\/p>\n\n\n\n<p>Vyv\u011b\u0161eno: 18.5.2012&nbsp;&nbsp;Sv\u011b\u0161eno: 30.6.2012<\/p>\n\n\n\n<p><strong>Vybavenost obce Sta\u0161ov <\/strong><\/p>\n\n\n\n<p>Vyv\u011b\u0161eno: 30.3.2012&nbsp;&nbsp;&nbsp; Sv\u011b\u0161eno: 27.5.2012<\/p>\n\n\n\n<p><strong>N\u00e1vrh rozpo\u010dtu pro rok 2012 <\/strong><\/p>\n\n\n\n<p>Vyv\u011b\u0161eno: 3.11.2011&nbsp;&nbsp;&nbsp;&nbsp;&nbsp;&nbsp;Sv\u011b\u0161eno: 31.12.2011<\/p>\n\n\n\n<p><strong>Pozemkov\u00fd fond \u010cR <\/strong><strong>oZN<\/strong>&#8211; ozn\u00e1men\u00ed o zam\u00fd\u0161len\u00e9m p\u0159evodu pozemk\u016f<\/p>\n\n\n\n<p>Vyv\u011b\u0161eno: 19.9.2011&nbsp;&nbsp;&nbsp;Sv\u011b\u0161eno: 31.12.2011<\/p>\n\n\n\n<p><strong>Ozn\u00e1men\u00ed o vyd\u00e1n\u00ed opat\u0159en\u00ed obecn\u00e9 povahy \u00daP Sta\u0161ov &#8211;<\/strong> <\/p>\n\n\n\n<p>Vyv\u011b\u0161eno: 11.7.2011&nbsp;&nbsp;&nbsp;&nbsp;&nbsp;&nbsp;Sv\u011b\u0161eno: 31.12.2011<\/p>\n\n\n\n<p><\/p>\n\n\n\n<p><strong>M\u011bstsk\u00fd \u00fa\u0159ad Poli\u010dka &#8211; Stavebn\u00ed \u00fa\u0159ad &#8211; <\/strong>\u00dazemn\u00ed rozhodnut\u00ed o zm\u011bn\u011b vyu\u017eit\u00ed \u00fazem\u00ed:<\/p>\n\n\n\n<p>Zm\u011bna vyu\u017eit\u00ed pozemku p.\u010d.1093 v katastr\u00e1ln\u00edm \u00fazem\u00ed Sta\u0161ov z kultury orn\u00e1 p\u016fda na kulturu les- <\/p>\n\n\n\n<p>Vyv\u011b\u0161eno: 1.6.2011&nbsp;&nbsp;&nbsp;&nbsp;&nbsp;&nbsp; Sv\u011b\u0161eno: 1.7.2011<\/p>\n\n\n\n<p><\/p>\n\n\n\n<p><strong>Svazek obc\u00ed AZASS &#8211; <\/strong>z\u00e1v\u011bre\u010dn\u00fd \u00fa\u010det za rok 2010 <\/p>\n\n\n\n<p>Vyv\u011b\u0161eno: 1.6.2011&nbsp;&nbsp; Sv\u011b\u0161eno: 1.7.2011<\/p>\n\n\n\n<p><\/p>\n\n\n\n<p><\/p>\n\n\n\n<p><strong><strong>Svazek obc\u00ed AZASS &#8211; z\u00e1v\u011bre\u010dn\u00fd \u00fa\u010det 2011 <\/strong><\/strong><\/p>\n\n\n\n<p>Vyv\u011b\u0161eno: 26.5.2011&nbsp;&nbsp; Sv\u011b\u0161eno: 26.6.2011<\/p>\n\n\n\n<p><\/p>\n\n\n\n<p><\/p>\n\n\n\n<p><strong>Pozemkov\u00fd \u00fa\u0159ad Svitavy<\/strong> &#8211; Informace k vydan\u00e9mu rozhodnut\u00ed t\u00fdkaj\u00edc\u00edho se ur\u010den\u00ed hranic pozemk\u016f<\/p>\n\n\n\n<p>Vyv\u011b\u0161eno: 5.5.2011&nbsp;&nbsp;&nbsp;&nbsp;&nbsp; Sv\u011b\u0161eno: 8.6.2011<\/p>\n\n\n\n<p><\/p>\n\n\n\n<p><strong>N\u00e1vrh z\u00e1v\u011bre\u010dn\u00e9ho \u00fa\u010dtu obce Sta\u0161ov za rok 2010 <\/strong><\/p>\n\n\n\n<p>Vyv\u011b\u0161eno: 5.5.2011&nbsp;&nbsp;&nbsp; Sv\u011b\u0161eno: 5.7.2011<\/p>\n\n\n\n<p><strong>Ve\u0159ejn\u00e1 vyhl\u00e1\u0161ka &#8211; zah\u00e1jen\u00ed \u0159\u00edzen\u00ed O N\u00c1VRHU OPAT\u0158EN\u00cd OBECN\u00c9 POVAHY &#8211; \u00daZEMN\u00cd PL\u00c1N STA\u0160OV<\/strong><\/p>\n\n\n\n<p>Ve\u0159ejn\u00e1 vyhl\u00e1\u0161ka s podrobnostmi o term\u00ednu a m\u00edst\u011b kon\u00e1n\u00ed ve\u0159ejn\u00e9ho projedn\u00e1n\u00ed a dokumentace n\u00e1vrhu opat\u0159en\u00ed obecn\u00e9 povahy v\u010detn\u011b jeho od\u016fvodn\u011bn\u00ed viz p\u0159\u00edlohy.<\/p>\n\n\n\n<p>Vyv\u011b\u0161eno: 2.5.2011&nbsp;&nbsp; Sv\u011b\u0161eno:&nbsp; 7.7.2011<\/p>\n\n\n\n<p><\/p>\n\n\n\n<p><strong>M\u011bstsk\u00fd \u00fa\u0159ad Poli\u010dka <\/strong>&#8211; Stavebn\u00ed \u00fa\u0159ad &#8211; Ozn\u00e1men\u00ed o zah\u00e1jen\u00ed \u00fazemn\u00edho \u0159\u00edzen\u00ed a pozv\u00e1n\u00ed k ve\u0159ejn\u00e9mu \u00fastn\u00edmu jedn\u00e1n\u00ed jedn\u00e1n\u00ed<\/p>\n\n\n\n<p><strong>Zm\u011bna vyu\u017eit\u00ed pozemku p.\u010d.1093 v k.\u00fa. Sta\u0161ov z kultury orn\u00e1 p\u016fda na kulturu les<\/strong><\/p>\n\n\n\n<p>Vyv\u011b\u0161eno 28.4.2011&nbsp;&nbsp;&nbsp;&nbsp;&nbsp;&nbsp;&nbsp;&nbsp;&nbsp;&nbsp;&nbsp;&nbsp;&nbsp;&nbsp;&nbsp;&nbsp;&nbsp;&nbsp;&nbsp;&nbsp;&nbsp;&nbsp;&nbsp; Sv\u011b\u0161eno: 30.5.2011<\/p>\n\n\n\n<p><\/p>\n\n\n\n<p><strong>Finan\u010dn\u00ed \u00fa\u0159ad Svitavy <\/strong>&#8211; Ve\u0159ejn\u00e1 vyhl\u00e1\u0161ka<\/p>\n\n\n\n<p><strong>ode dne 27.04.2011 do dne 27.05.2011 <\/strong>je v budov\u011b Finan\u010dn\u00edho \u00fa\u0159adu ve Svitav\u00e1ch kancel\u00e1\u0159 \u010d. dve\u0159\u00ed 1 ve dnech<\/p>\n\n\n\n<p>pond\u011bl\u00ed&nbsp;&nbsp;&nbsp;&nbsp;&nbsp; od 8 do 17 hodin<\/p>\n\n\n\n<p>\u00fater\u00fd&nbsp;&nbsp;&nbsp;&nbsp;&nbsp;&nbsp;&nbsp; &nbsp;od 8 do 15 hodin<\/p>\n\n\n\n<p>st\u0159eda&nbsp;&nbsp;&nbsp;&nbsp;&nbsp;&nbsp; od 8 do 17 hodin<\/p>\n\n\n\n<p>\u010dtvrtek&nbsp;&nbsp;&nbsp;&nbsp;&nbsp; od 8 do 15 hodin<\/p>\n\n\n\n<p>p\u00e1tek&nbsp;&nbsp;&nbsp;&nbsp;&nbsp;&nbsp;&nbsp; od 8 do 13:30 hodin<\/p>\n\n\n\n<p>zp\u0159\u00edstupn\u011bn k nahl\u00e9dnut\u00ed hromadn\u00fd p\u0159edpisn\u00fd seznam \u010dj. 54141\/11\/263960602176, j\u00edm\u017e se uveden\u00fdm da\u0148ov\u00fdm subjekt\u016fm stanovuje za nemovitosti nach\u00e1zej\u00edc\u00ed se v obvodu \u00fazemn\u00ed p\u016fsobnosti shora uveden\u00e9ho spr\u00e1vce dan\u011b&nbsp;&nbsp;&nbsp; DA\u0147 Z NEMOVITOST\u00cd NA ROK 2011.<\/p>\n\n\n\n<p>Vyv\u011b\u0161eno 27.4.2011&nbsp;&nbsp;&nbsp;&nbsp;&nbsp;&nbsp;&nbsp;&nbsp;&nbsp;&nbsp;&nbsp;&nbsp;&nbsp;&nbsp;&nbsp;&nbsp;&nbsp;&nbsp;&nbsp;&nbsp;&nbsp;&nbsp;&nbsp;&nbsp;&nbsp; Sv\u011b\u0161eno: 27.5.2011<\/p>\n\n\n\n<p><strong>Z\u00e1v\u011bre\u010dn\u00fd \u00fa\u010det Mikroregion Poli\u010dsko <\/strong>za rok 2010.<\/p>\n\n\n\n<p>Vyv\u011b\u0161eno: 20.4.2011&nbsp;&nbsp;&nbsp;&nbsp;&nbsp;&nbsp;&nbsp;&nbsp;&nbsp;&nbsp;&nbsp;&nbsp;&nbsp;&nbsp;&nbsp;&nbsp;&nbsp;&nbsp;&nbsp;&nbsp;&nbsp;&nbsp;&nbsp;&nbsp;&nbsp;&nbsp; Sv\u011b\u0161eno: 21.5.2011<\/p>\n\n\n\n<p><strong>Komplexn\u00ed pozemkov\u00e9 \u00fapravy s up\u0159esn\u011bn\u00edm p\u0159\u00edd\u011bl\u016f v k.\u00fa.Sta\u0161ov <\/strong>&#8211; ozn\u00e1men\u00ed o vylo\u017een\u00ed soupisu n\u00e1rok\u016f vlastn\u00edk\u016f pozemk\u016f<\/p>\n\n\n\n<p>Vyv\u011b\u0161eno: 15.3.2011&nbsp;&nbsp;&nbsp;&nbsp;&nbsp;&nbsp;&nbsp;&nbsp;&nbsp;&nbsp;&nbsp;&nbsp;&nbsp;&nbsp;&nbsp;&nbsp;&nbsp;&nbsp;&nbsp;&nbsp;&nbsp;&nbsp;&nbsp;&nbsp;&nbsp; Sv\u011b\u0161eno: 5.4.2011<\/p>\n\n\n\n<p><strong>Komplexn\u00ed pozemkov\u00e9 \u00fapravy s up\u0159esn\u011bn\u00edm p\u0159\u00edd\u011bl\u016f v k.\u00fa. Sta\u0161ov <\/strong><\/p>\n\n\n\n<p>Vyv\u011b\u0161eno: 15.12.2010&nbsp;&nbsp;&nbsp;&nbsp;&nbsp;&nbsp;&nbsp;&nbsp;&nbsp;&nbsp;&nbsp;&nbsp;&nbsp;&nbsp;&nbsp;&nbsp;&nbsp;&nbsp; Sv\u011b\u0161eno: 3.1.2011<\/p>\n\n\n\n<p><strong>N\u00e1vrh rozpo\u010dtu Svazku obc\u00ed AZASS na rok 2011 <\/strong><\/p>\n\n\n\n<p>Vyv\u011b\u0161eno: 30.11.2010&nbsp;&nbsp;&nbsp;&nbsp;&nbsp;&nbsp;&nbsp;&nbsp;&nbsp;&nbsp;&nbsp;&nbsp;&nbsp;&nbsp;&nbsp;&nbsp;&nbsp;&nbsp;&nbsp;Sv\u011b\u0161eno: 15.12.2010<\/p>\n","protected":false},"excerpt":{"rendered":"<p>Z\u00e1m\u011br kraje o bez\u00faplatn\u00fd p\u0159evod pozemku p.\u010d. 3226\/2 Vyv\u011b\u0161eno:15.3.2026 Sv\u011b\u0161eno: 15.4.2026 . Auk\u010dn\u00ed vyhl\u00e1\u0161ka &#8211; nab\u00eddka majetku st\u00e1tu Vyv\u011b\u0161eno 26.2.2026 Sv\u011b\u0161eno 26.3.2026 . Mikroregion, pozv\u00e1nka na zased\u00e1n\u00ed valn\u00e9ho shrom\u00e1\u017ed\u011bn\u00ed: Zve\u0159ejn\u011bno: 25.11.2025 do 19.12.2025. . N\u00e1vrh rozpo\u010dtu AZASS pro rok 2026 Zve\u0159ejn\u011bno: 17.11.2025 Sv\u011b\u0161eno: 3.12.2025 . Volby do poslaneck\u00e9 sn\u011bmovny 2025 konan\u00e9 ve dnech 3.-4.10.2025 Opis [&hellip;]<\/p>\n","protected":false},"author":1,"featured_media":0,"parent":1,"menu_order":0,"comment_status":"closed","ping_status":"closed","template":"","meta":{"footnotes":""},"_links":{"self":[{"href":"http:\/\/www.obec-stasov.cz\/index.php?rest_route=\/wp\/v2\/pages\/627"}],"collection":[{"href":"http:\/\/www.obec-stasov.cz\/index.php?rest_route=\/wp\/v2\/pages"}],"about":[{"href":"http:\/\/www.obec-stasov.cz\/index.php?rest_route=\/wp\/v2\/types\/page"}],"author":[{"embeddable":true,"href":"http:\/\/www.obec-stasov.cz\/index.php?rest_route=\/wp\/v2\/users\/1"}],"replies":[{"embeddable":true,"href":"http:\/\/www.obec-stasov.cz\/index.php?rest_route=%2Fwp%2Fv2%2Fcomments&post=627"}],"version-history":[{"count":249,"href":"http:\/\/www.obec-stasov.cz\/index.php?rest_route=\/wp\/v2\/pages\/627\/revisions"}],"predecessor-version":[{"id":7324,"href":"http:\/\/www.obec-stasov.cz\/index.php?rest_route=\/wp\/v2\/pages\/627\/revisions\/7324"}],"up":[{"embeddable":true,"href":"http:\/\/www.obec-stasov.cz\/index.php?rest_route=\/wp\/v2\/pages\/1"}],"wp:attachment":[{"href":"http:\/\/www.obec-stasov.cz\/index.php?rest_route=%2Fwp%2Fv2%2Fmedia&parent=627"}],"curies":[{"name":"wp","href":"https:\/\/api.w.org\/{rel}","templated":true}]}}